{"id":538,"date":"2022-07-13T20:47:40","date_gmt":"2022-07-13T18:47:40","guid":{"rendered":"https:\/\/on-the-spot.nl\/rescongres2022\/?page_id=538"},"modified":"2022-11-17T13:48:48","modified_gmt":"2022-11-17T12:48:48","slug":"participatie-en-communicatie","status":"publish","type":"page","link":"https:\/\/on-the-spot.nl\/rescongres2022\/participatie-en-communicatie\/","title":{"rendered":"Participatie &#038; communicatie"},"content":{"rendered":"\t\t<div data-elementor-type=\"wp-page\" data-elementor-id=\"538\" class=\"elementor elementor-538\" data-elementor-post-type=\"page\">\n\t\t\t\t\t\t<section class=\"elementor-section elementor-top-section elementor-element elementor-element-0a7ae84 elementor-section-stretched elementor-section-boxed elementor-section-height-default elementor-section-height-default\" data-id=\"0a7ae84\" data-element_type=\"section\" data-e-type=\"section\" data-settings=\"{&quot;background_background&quot;:&quot;classic&quot;,&quot;stretch_section&quot;:&quot;section-stretched&quot;}\">\n\t\t\t\t\t\t<div class=\"elementor-container elementor-column-gap-default\">\n\t\t\t\t\t<div class=\"elementor-column elementor-col-100 elementor-top-column elementor-element elementor-element-95d24e7\" data-id=\"95d24e7\" data-element_type=\"column\" data-e-type=\"column\" data-settings=\"{&quot;background_background&quot;:&quot;classic&quot;}\">\n\t\t\t<div class=\"elementor-widget-wrap elementor-element-populated\">\n\t\t\t\t\t\t<div class=\"elementor-element elementor-element-edf1fce elementor-widget elementor-widget-image\" data-id=\"edf1fce\" data-element_type=\"widget\" data-e-type=\"widget\" data-widget_type=\"image.default\">\n\t\t\t\t<div class=\"elementor-widget-container\">\n\t\t\t\t\t\t\t\t\t\t\t\t\t\t\t<img fetchpriority=\"high\" decoding=\"async\" width=\"2501\" height=\"1250\" src=\"https:\/\/on-the-spot.nl\/rescongres2022\/wp-content\/uploads\/2022\/11\/RES_headers-tegels_Participatie.png\" class=\"attachment-large size-large wp-image-662\" alt=\"\" srcset=\"https:\/\/on-the-spot.nl\/rescongres2022\/wp-content\/uploads\/2022\/11\/RES_headers-tegels_Participatie.png 2501w, https:\/\/on-the-spot.nl\/rescongres2022\/wp-content\/uploads\/2022\/11\/RES_headers-tegels_Participatie-768x384.png 768w, https:\/\/on-the-spot.nl\/rescongres2022\/wp-content\/uploads\/2022\/11\/RES_headers-tegels_Participatie-1536x768.png 1536w, https:\/\/on-the-spot.nl\/rescongres2022\/wp-content\/uploads\/2022\/11\/RES_headers-tegels_Participatie-2048x1024.png 2048w\" sizes=\"(max-width: 2501px) 100vw, 2501px\" \/>\t\t\t\t\t\t\t\t\t\t\t\t\t\t\t<\/div>\n\t\t\t\t<\/div>\n\t\t\t\t\t<\/div>\n\t\t<\/div>\n\t\t\t\t\t<\/div>\n\t\t<\/section>\n\t\t\t\t<section class=\"elementor-section elementor-top-section elementor-element elementor-element-b76bec5 elementor-section-stretched elementor-section-boxed elementor-section-height-default elementor-section-height-default\" data-id=\"b76bec5\" data-element_type=\"section\" data-e-type=\"section\" data-settings=\"{&quot;background_background&quot;:&quot;classic&quot;,&quot;stretch_section&quot;:&quot;section-stretched&quot;}\">\n\t\t\t\t\t\t<div class=\"elementor-container elementor-column-gap-default\">\n\t\t\t\t\t<div class=\"elementor-column elementor-col-100 elementor-top-column elementor-element elementor-element-2f83079\" data-id=\"2f83079\" data-element_type=\"column\" data-e-type=\"column\" data-settings=\"{&quot;background_background&quot;:&quot;classic&quot;}\">\n\t\t\t<div class=\"elementor-widget-wrap elementor-element-populated\">\n\t\t\t\t\t\t<div class=\"elementor-element elementor-element-6e990de elementor-widget elementor-widget-heading\" data-id=\"6e990de\" data-element_type=\"widget\" data-e-type=\"widget\" data-widget_type=\"heading.default\">\n\t\t\t\t<div class=\"elementor-widget-container\">\n\t\t\t\t\t<h1 class=\"elementor-heading-title elementor-size-default\">Participatie &amp; communicatie<\/h1>\t\t\t\t<\/div>\n\t\t\t\t<\/div>\n\t\t\t\t<div class=\"elementor-element elementor-element-10a7b20 elementor-widget elementor-widget-text-editor\" data-id=\"10a7b20\" data-element_type=\"widget\" data-e-type=\"widget\" data-widget_type=\"text-editor.default\">\n\t\t\t\t<div class=\"elementor-widget-container\">\n\t\t\t\t\t\t\t\t\t<h3>Bewoners zijn cruciaal in de energietransitie: in besparen, in het zelf opwekken van duurzame energie, in het meedenken voor oplossingen. Hoe betrekken we hen?<\/h3>\t\t\t\t\t\t\t\t<\/div>\n\t\t\t\t<\/div>\n\t\t\t\t<div class=\"elementor-element elementor-element-098b52c elementor-widget elementor-widget-heading\" data-id=\"098b52c\" data-element_type=\"widget\" data-e-type=\"widget\" data-widget_type=\"heading.default\">\n\t\t\t\t<div class=\"elementor-widget-container\">\n\t\t\t\t\t<h6 class=\"elementor-heading-title elementor-size-default\">Snel naar:<\/h6>\t\t\t\t<\/div>\n\t\t\t\t<\/div>\n\t\t\t\t<div class=\"elementor-element elementor-element-c3b5ecc elementor-widget__width-auto elementor-widget elementor-widget-button\" data-id=\"c3b5ecc\" data-element_type=\"widget\" data-e-type=\"widget\" data-widget_type=\"button.default\">\n\t\t\t\t<div class=\"elementor-widget-container\">\n\t\t\t\t\t\t\t\t\t<div class=\"elementor-button-wrapper\">\n\t\t\t\t\t<a class=\"elementor-button elementor-button-link elementor-size-sm elementor-animation-grow\" href=\"#inwoner\" target=\"_blank\">\n\t\t\t\t\t\t<span class=\"elementor-button-content-wrapper\">\n\t\t\t\t\t\t<span class=\"elementor-button-icon\">\n\t\t\t\t<i aria-hidden=\"true\" class=\"fas fa-arrow-down\"><\/i>\t\t\t<\/span>\n\t\t\t\t\t\t\t\t\t<span class=\"elementor-button-text\">D\u00e9 inwoner bestaat niet<\/span>\n\t\t\t\t\t<\/span>\n\t\t\t\t\t<\/a>\n\t\t\t\t<\/div>\n\t\t\t\t\t\t\t\t<\/div>\n\t\t\t\t<\/div>\n\t\t\t\t<div class=\"elementor-element elementor-element-9cd5611 elementor-widget__width-auto elementor-widget elementor-widget-button\" data-id=\"9cd5611\" data-element_type=\"widget\" data-e-type=\"widget\" data-widget_type=\"button.default\">\n\t\t\t\t<div class=\"elementor-widget-container\">\n\t\t\t\t\t\t\t\t\t<div class=\"elementor-button-wrapper\">\n\t\t\t\t\t<a class=\"elementor-button elementor-button-link elementor-size-sm elementor-animation-grow\" href=\"#armoede\" target=\"_blank\">\n\t\t\t\t\t\t<span class=\"elementor-button-content-wrapper\">\n\t\t\t\t\t\t<span class=\"elementor-button-icon\">\n\t\t\t\t<i aria-hidden=\"true\" class=\"fas fa-arrow-down\"><\/i>\t\t\t<\/span>\n\t\t\t\t\t\t\t\t\t<span class=\"elementor-button-text\">Energie &amp; armoede<\/span>\n\t\t\t\t\t<\/span>\n\t\t\t\t\t<\/a>\n\t\t\t\t<\/div>\n\t\t\t\t\t\t\t\t<\/div>\n\t\t\t\t<\/div>\n\t\t\t\t<div class=\"elementor-element elementor-element-bd0405f elementor-widget__width-auto elementor-widget elementor-widget-button\" data-id=\"bd0405f\" data-element_type=\"widget\" data-e-type=\"widget\" data-widget_type=\"button.default\">\n\t\t\t\t<div class=\"elementor-widget-container\">\n\t\t\t\t\t\t\t\t\t<div class=\"elementor-button-wrapper\">\n\t\t\t\t\t<a class=\"elementor-button elementor-button-link elementor-size-sm elementor-animation-grow\" href=\"#eigendom\" target=\"_blank\">\n\t\t\t\t\t\t<span class=\"elementor-button-content-wrapper\">\n\t\t\t\t\t\t<span class=\"elementor-button-icon\">\n\t\t\t\t<i aria-hidden=\"true\" class=\"fas fa-arrow-down\"><\/i>\t\t\t<\/span>\n\t\t\t\t\t\t\t\t\t<span class=\"elementor-button-text\">Lokaal eigendom in de praktijk<\/span>\n\t\t\t\t\t<\/span>\n\t\t\t\t\t<\/a>\n\t\t\t\t<\/div>\n\t\t\t\t\t\t\t\t<\/div>\n\t\t\t\t<\/div>\n\t\t\t\t<div class=\"elementor-element elementor-element-eb1a2ff elementor-widget-divider--separator-type-pattern elementor-widget-divider--view-line elementor-widget elementor-widget-divider\" data-id=\"eb1a2ff\" data-element_type=\"widget\" data-e-type=\"widget\" data-widget_type=\"divider.default\">\n\t\t\t\t<div class=\"elementor-widget-container\">\n\t\t\t\t\t\t\t<div class=\"elementor-divider\" style=\"--divider-pattern-url: url(&quot;data:image\/svg+xml,%3Csvg xmlns=&#039;http:\/\/www.w3.org\/2000\/svg&#039; preserveAspectRatio=&#039;none&#039; overflow=&#039;visible&#039; height=&#039;100%&#039; viewBox=&#039;0 0 20 16&#039; fill=&#039;none&#039; stroke=&#039;black&#039; stroke-width=&#039;2.5&#039; stroke-linecap=&#039;square&#039; stroke-miterlimit=&#039;10&#039;%3E%3Cg transform=&#039;translate(-12.000000, 0)&#039;%3E%3Cpath d=&#039;M28,0L10,18&#039;\/%3E%3Cpath d=&#039;M18,0L0,18&#039;\/%3E%3Cpath d=&#039;M48,0L30,18&#039;\/%3E%3Cpath d=&#039;M38,0L20,18&#039;\/%3E%3C\/g%3E%3C\/svg%3E&quot;);\">\n\t\t\t<span class=\"elementor-divider-separator\">\n\t\t\t\t\t\t<\/span>\n\t\t<\/div>\n\t\t\t\t\t\t<\/div>\n\t\t\t\t<\/div>\n\t\t\t\t<div class=\"elementor-element elementor-element-99d4d32 elementor-widget elementor-widget-button\" data-id=\"99d4d32\" data-element_type=\"widget\" data-e-type=\"widget\" data-widget_type=\"button.default\">\n\t\t\t\t<div class=\"elementor-widget-container\">\n\t\t\t\t\t\t\t\t\t<div class=\"elementor-button-wrapper\">\n\t\t\t\t\t<a class=\"elementor-button elementor-button-link elementor-size-sm elementor-animation-grow\" href=\"https:\/\/www.regionale-energiestrategie.nl\/participatie\/default.aspx\" target=\"_blank\">\n\t\t\t\t\t\t<span class=\"elementor-button-content-wrapper\">\n\t\t\t\t\t\t<span class=\"elementor-button-icon\">\n\t\t\t\t<i aria-hidden=\"true\" class=\"fas fa-external-link-alt\"><\/i>\t\t\t<\/span>\n\t\t\t\t\t\t\t\t\t<span class=\"elementor-button-text\">Meer informatie over Participatie vind je op de website van NP&nbsp;RES<\/span>\n\t\t\t\t\t<\/span>\n\t\t\t\t\t<\/a>\n\t\t\t\t<\/div>\n\t\t\t\t\t\t\t\t<\/div>\n\t\t\t\t<\/div>\n\t\t\t\t\t<\/div>\n\t\t<\/div>\n\t\t\t\t\t<\/div>\n\t\t<\/section>\n\t\t\t\t<section class=\"elementor-section elementor-top-section elementor-element elementor-element-44ec3a6 elementor-section-stretched elementor-section-boxed elementor-section-height-default elementor-section-height-default\" data-id=\"44ec3a6\" data-element_type=\"section\" data-e-type=\"section\" id=\"inwoner\" data-settings=\"{&quot;background_background&quot;:&quot;classic&quot;,&quot;stretch_section&quot;:&quot;section-stretched&quot;}\">\n\t\t\t\t\t\t<div class=\"elementor-container elementor-column-gap-default\">\n\t\t\t\t\t<div class=\"elementor-column elementor-col-100 elementor-top-column elementor-element elementor-element-d1a20e9\" data-id=\"d1a20e9\" data-element_type=\"column\" data-e-type=\"column\" data-settings=\"{&quot;background_background&quot;:&quot;classic&quot;}\">\n\t\t\t<div class=\"elementor-widget-wrap elementor-element-populated\">\n\t\t\t\t\t\t<div class=\"elementor-element elementor-element-6c4f066 elementor-widget elementor-widget-heading\" data-id=\"6c4f066\" data-element_type=\"widget\" data-e-type=\"widget\" data-widget_type=\"heading.default\">\n\t\t\t\t<div class=\"elementor-widget-container\">\n\t\t\t\t\t<h3 class=\"elementor-heading-title elementor-size-default\">D\u00e9 inwoner bestaat niet<\/h3>\t\t\t\t<\/div>\n\t\t\t\t<\/div>\n\t\t\t\t<div class=\"elementor-element elementor-element-02d7f52 elementor-widget elementor-widget-spacer\" data-id=\"02d7f52\" data-element_type=\"widget\" data-e-type=\"widget\" data-widget_type=\"spacer.default\">\n\t\t\t\t<div class=\"elementor-widget-container\">\n\t\t\t\t\t\t\t<div class=\"elementor-spacer\">\n\t\t\t<div class=\"elementor-spacer-inner\"><\/div>\n\t\t<\/div>\n\t\t\t\t\t\t<\/div>\n\t\t\t\t<\/div>\n\t\t\t\t<div class=\"elementor-element elementor-element-d749258 elementor-widget elementor-widget-heading\" data-id=\"d749258\" data-element_type=\"widget\" data-e-type=\"widget\" data-widget_type=\"heading.default\">\n\t\t\t\t<div class=\"elementor-widget-container\">\n\t\t\t\t\t<h2 class=\"elementor-heading-title elementor-size-default\">Een kaart van motivatieland\n<\/h2>\t\t\t\t<\/div>\n\t\t\t\t<\/div>\n\t\t\t\t\t<\/div>\n\t\t<\/div>\n\t\t\t\t\t<\/div>\n\t\t<\/section>\n\t\t\t\t<section class=\"elementor-section elementor-top-section elementor-element elementor-element-16d6027 elementor-section-stretched elementor-section-boxed elementor-section-height-default elementor-section-height-default\" data-id=\"16d6027\" data-element_type=\"section\" data-e-type=\"section\" data-settings=\"{&quot;background_background&quot;:&quot;classic&quot;,&quot;stretch_section&quot;:&quot;section-stretched&quot;}\">\n\t\t\t\t\t\t<div class=\"elementor-container elementor-column-gap-default\">\n\t\t\t\t\t<div class=\"elementor-column elementor-col-100 elementor-top-column elementor-element elementor-element-2984c9a\" data-id=\"2984c9a\" data-element_type=\"column\" data-e-type=\"column\" data-settings=\"{&quot;background_background&quot;:&quot;classic&quot;}\">\n\t\t\t<div class=\"elementor-widget-wrap elementor-element-populated\">\n\t\t\t\t\t\t<div class=\"elementor-element elementor-element-9aff15d elementor-widget elementor-widget-text-editor\" data-id=\"9aff15d\" data-element_type=\"widget\" data-e-type=\"widget\" data-widget_type=\"text-editor.default\">\n\t\t\t\t<div class=\"elementor-widget-container\">\n\t\t\t\t\t\t\t\t\t<h3>Veel mensen vinden een oplossing voor het energietekort belangrijk, maar handelen er niet naar. Om ze toch in beweging te krijgen moet je je verdiepen in hun motivatie. Die kun je op verschillende manieren achterhalen, vertelt gedragswetenschapper Reint Jan Renes. \u201cBouw zo vroeg mogelijk aan een warme relatie.\u201d<\/h3>\t\t\t\t\t\t\t\t<\/div>\n\t\t\t\t<\/div>\n\t\t\t\t<div class=\"elementor-element elementor-element-0d88485 elementor-widget elementor-widget-text-editor\" data-id=\"0d88485\" data-element_type=\"widget\" data-e-type=\"widget\" data-widget_type=\"text-editor.default\">\n\t\t\t\t<div class=\"elementor-widget-container\">\n\t\t\t\t\t\t\t\t\t<p>Twee Engelse termen verklaren het verschil tussen denken en doen. Om te beginnen het <em>bystander effect<\/em>. Renes: \u201cWe kijken naar onze buurman: de ander zal het wel doen\u2026 De andere ministers kijken naar collega Jetten, want \u2018hij is van energie\u2019. Dat zit diep in ons. We zoeken de makkelijkste weg en duurzaamheid is dat niet. Daarom kun je je bewust zijn van een probleem, maar niet ernaar handelen. De <em>motivational gap<\/em>.\u201d<\/p><h4>Handafdruk groter dan voetafdruk<\/h4><p>Hoe overbrug je die kloof? Met een geloofwaardige strategie om scepsis tegen te gaan. En een overtuigende oplossing. Met gedragsverandering is veel energiewinst te boeken. \u201cDe handafdruk van mensen is groter dan de voetafdruk, zegt Renes. \u201cHuishoudens spelen een grote rol in de transitie.\u201d Zeker rijke huishoudens. Die hebben ook budget voor verandering. De rijkste 10% van Nederland draagt bij aan 40 tot 60% van de uitstoot van CO<sub>2<\/sub>. Daar is veel te winnen.<\/p><h4>Regie tegenover motivatie<\/h4><p>Nog een Engels begrip: <em>false consensus<\/em>. Dat verklaart waarom mensen niet in actie komen. Je denkt dat het probleem zich oplost wanneer je je er genoeg zorgen om maakt. Renes: \u201cWie zet nou de eerste stap naar energiebesparing bij winkels en tegen terrasverwarmers? Mensen doen het niet uit zichzelf, ze hebben regie nodig.\u201d Je moet ze iets aanreiken. Wanneer mensen de motivatie hebben en de mogelijkheid (geld, kennis) \u00e9n de gelegenheid (oplossingen), dan begint gedragsverandering.<\/p><h4>Zo achterhaal je motivatie<\/h4><p>Renes noemt een aantal methoden om motivatie van mensen te achterhalen:<\/p><ul><li>Verzamel zoveel mogelijk informatie over mensen<\/li><li>Breng in kaart wat mensen motiveert<\/li><li>Bouw zo vroeg mogelijk aan een warme relatie<\/li><li>Observeer gedrag van mensen<\/li><li>Laat zien dat je om mensen geeft, dat je weet wat ze vervelend vinden<\/li><li>Luister naar ze, om ze te begrijpen<\/li><li>Deel met ze, toon kwetsbaarheid<\/li><li>Zorg voor \u2018veiligheid\u2019 waarbinnen mensen iets durven<\/li><li>Maak een sociale beweging.<\/li><\/ul>\t\t\t\t\t\t\t\t<\/div>\n\t\t\t\t<\/div>\n\t\t\t\t<div class=\"elementor-element elementor-element-a9246ce elementor-widget elementor-widget-image\" data-id=\"a9246ce\" data-element_type=\"widget\" data-e-type=\"widget\" data-widget_type=\"image.default\">\n\t\t\t\t<div class=\"elementor-widget-container\">\n\t\t\t\t\t\t\t\t\t\t\t\t\t\t\t<img decoding=\"async\" width=\"1000\" height=\"567\" src=\"https:\/\/on-the-spot.nl\/rescongres2022\/wp-content\/uploads\/2022\/11\/Sessie_Inwoner_bestaat_niet-2.jpg\" class=\"attachment-large size-large wp-image-546\" alt=\"Sessie D\u00e9 inwoner bestaat niet\" srcset=\"https:\/\/on-the-spot.nl\/rescongres2022\/wp-content\/uploads\/2022\/11\/Sessie_Inwoner_bestaat_niet-2.jpg 1000w, https:\/\/on-the-spot.nl\/rescongres2022\/wp-content\/uploads\/2022\/11\/Sessie_Inwoner_bestaat_niet-2-768x435.jpg 768w\" sizes=\"(max-width: 1000px) 100vw, 1000px\" \/>\t\t\t\t\t\t\t\t\t\t\t\t\t\t\t<\/div>\n\t\t\t\t<\/div>\n\t\t\t\t<div class=\"elementor-element elementor-element-74ed03a elementor-widget elementor-widget-text-editor\" data-id=\"74ed03a\" data-element_type=\"widget\" data-e-type=\"widget\" data-widget_type=\"text-editor.default\">\n\t\t\t\t<div class=\"elementor-widget-container\">\n\t\t\t\t\t\t\t\t\t<h4>De praktijk: Rivierenland en Alphen<\/h4><p>De RES-regio Rivierenland probeert mensen te motiveren met een huis-aan-huiskrant. Aan de hand van leefstijlen is de bevolking ingedeeld naar introvert versus extravert, en op het eigen ego gericht versus op de groep gericht. Per groep zijn onderwerpen en invalshoeken voor artikelen gemaakt. Voor ieder wat wils. \u201cHet effect van de krant moet we nog meten, maar we overwegen nu al om bij nieuwe communicatiemiddelen ook de leefstijlen te gebruiken\u201d, zegt Sandra van Dieten van RES FruitDelta.<br \/>Gemeente Alphen aan den Rijn deed een grootschalige enqu\u00eate waarbij de behoeften en zorgen van verschillende soorten bewoners in kaart werden gebracht. \u201cOndanks onze zorgvuldige aanpak kwamen er signalen uit de samenleving dat de resultaten van de enqu\u00eate door de gemeente zouden worden verdraaid\u201d, vertelt Bianca Rozendaal van de gemeente. Tegenstanders betrokken de media en veroorzaakten veel ophef. Gevolg: de gemeenteraad trok de door haarzelf goedgekeurde locaties weer in. De zoektocht begon opnieuw.<\/p><h4>Meer weten?<\/h4>\t\t\t\t\t\t\t\t<\/div>\n\t\t\t\t<\/div>\n\t\t\t\t<div class=\"elementor-element elementor-element-d4f2d43 elementor-widget elementor-widget-button\" data-id=\"d4f2d43\" data-element_type=\"widget\" data-e-type=\"widget\" data-widget_type=\"button.default\">\n\t\t\t\t<div class=\"elementor-widget-container\">\n\t\t\t\t\t\t\t\t\t<div class=\"elementor-button-wrapper\">\n\t\t\t\t\t<a class=\"elementor-button elementor-button-link elementor-size-sm elementor-animation-grow\" href=\"https:\/\/www.energieparticipatie.nl\/\" target=\"_blank\">\n\t\t\t\t\t\t<span class=\"elementor-button-content-wrapper\">\n\t\t\t\t\t\t<span class=\"elementor-button-icon\">\n\t\t\t\t<i aria-hidden=\"true\" class=\"fas fa-external-link-alt\"><\/i>\t\t\t<\/span>\n\t\t\t\t\t\t\t\t\t<span class=\"elementor-button-text\">Energieparticipatie<\/span>\n\t\t\t\t\t<\/span>\n\t\t\t\t\t<\/a>\n\t\t\t\t<\/div>\n\t\t\t\t\t\t\t\t<\/div>\n\t\t\t\t<\/div>\n\t\t\t\t<section class=\"elementor-section elementor-inner-section elementor-element elementor-element-2d945ac elementor-section-boxed elementor-section-height-default elementor-section-height-default\" data-id=\"2d945ac\" data-element_type=\"section\" data-e-type=\"section\">\n\t\t\t\t\t\t<div class=\"elementor-container elementor-column-gap-default\">\n\t\t\t\t\t<div class=\"elementor-column elementor-col-100 elementor-inner-column elementor-element elementor-element-333d28e\" data-id=\"333d28e\" data-element_type=\"column\" data-e-type=\"column\" data-settings=\"{&quot;background_background&quot;:&quot;classic&quot;}\">\n\t\t\t<div class=\"elementor-widget-wrap elementor-element-populated\">\n\t\t\t\t\t\t<div class=\"elementor-element elementor-element-6dde08e elementor-widget elementor-widget-heading\" data-id=\"6dde08e\" data-element_type=\"widget\" data-e-type=\"widget\" data-widget_type=\"heading.default\">\n\t\t\t\t<div class=\"elementor-widget-container\">\n\t\t\t\t\t<h3 class=\"elementor-heading-title elementor-size-default\">Reactie<\/h3>\t\t\t\t<\/div>\n\t\t\t\t<\/div>\n\t\t\t\t<div class=\"elementor-element elementor-element-2ca104e elementor-widget elementor-widget-text-editor\" data-id=\"2ca104e\" data-element_type=\"widget\" data-e-type=\"widget\" data-widget_type=\"text-editor.default\">\n\t\t\t\t<div class=\"elementor-widget-container\">\n\t\t\t\t\t\t\t\t\t<h2>\u2018Van onderaf bekijken\u2019<\/h2><p>\u201cHoe je inwoners bereikt verschilt per regio. Katwijk is heel anders dan Alphen aan den Rijn. Buurgemeenten hebben vaak wel overeenkomsten. Dat is lastig van bovenaf te zien, je moet dat van onderaf bekijken: wie zitten daar nou? Vervolgens kun je van bovenaf bekijken wat succesvol is en dat delen.\u201d<\/p><p><strong>Dennis de Groot, programmaondersteuner RES Holland Rijnland<\/strong><\/p>\t\t\t\t\t\t\t\t<\/div>\n\t\t\t\t<\/div>\n\t\t\t\t\t<\/div>\n\t\t<\/div>\n\t\t\t\t\t<\/div>\n\t\t<\/section>\n\t\t\t\t\t<\/div>\n\t\t<\/div>\n\t\t\t\t\t<\/div>\n\t\t<\/section>\n\t\t\t\t<section class=\"elementor-section elementor-top-section elementor-element elementor-element-83cd9fc elementor-section-stretched elementor-section-boxed elementor-section-height-default elementor-section-height-default\" data-id=\"83cd9fc\" data-element_type=\"section\" data-e-type=\"section\" id=\"armoede\" data-settings=\"{&quot;background_background&quot;:&quot;classic&quot;,&quot;stretch_section&quot;:&quot;section-stretched&quot;}\">\n\t\t\t\t\t\t<div class=\"elementor-container elementor-column-gap-default\">\n\t\t\t\t\t<div class=\"elementor-column elementor-col-100 elementor-top-column elementor-element elementor-element-b2645a9\" data-id=\"b2645a9\" data-element_type=\"column\" data-e-type=\"column\" data-settings=\"{&quot;background_background&quot;:&quot;classic&quot;}\">\n\t\t\t<div class=\"elementor-widget-wrap elementor-element-populated\">\n\t\t\t\t\t\t<div class=\"elementor-element elementor-element-bb59991 elementor-widget elementor-widget-heading\" data-id=\"bb59991\" data-element_type=\"widget\" data-e-type=\"widget\" data-widget_type=\"heading.default\">\n\t\t\t\t<div class=\"elementor-widget-container\">\n\t\t\t\t\t<h3 class=\"elementor-heading-title elementor-size-default\">Energie &amp; armoede<\/h3>\t\t\t\t<\/div>\n\t\t\t\t<\/div>\n\t\t\t\t<div class=\"elementor-element elementor-element-dde0e9a elementor-widget elementor-widget-spacer\" data-id=\"dde0e9a\" data-element_type=\"widget\" data-e-type=\"widget\" data-widget_type=\"spacer.default\">\n\t\t\t\t<div class=\"elementor-widget-container\">\n\t\t\t\t\t\t\t<div class=\"elementor-spacer\">\n\t\t\t<div class=\"elementor-spacer-inner\"><\/div>\n\t\t<\/div>\n\t\t\t\t\t\t<\/div>\n\t\t\t\t<\/div>\n\t\t\t\t<div class=\"elementor-element elementor-element-f32e012 elementor-widget elementor-widget-heading\" data-id=\"f32e012\" data-element_type=\"widget\" data-e-type=\"widget\" data-widget_type=\"heading.default\">\n\t\t\t\t<div class=\"elementor-widget-container\">\n\t\t\t\t\t<h2 class=\"elementor-heading-title elementor-size-default\">\u2018Sluit aan op wat er al in een buurt is\u2019\n<\/h2>\t\t\t\t<\/div>\n\t\t\t\t<\/div>\n\t\t\t\t\t<\/div>\n\t\t<\/div>\n\t\t\t\t\t<\/div>\n\t\t<\/section>\n\t\t\t\t<section class=\"elementor-section elementor-top-section elementor-element elementor-element-854d172 elementor-section-stretched elementor-section-boxed elementor-section-height-default elementor-section-height-default\" data-id=\"854d172\" data-element_type=\"section\" data-e-type=\"section\" data-settings=\"{&quot;background_background&quot;:&quot;classic&quot;,&quot;stretch_section&quot;:&quot;section-stretched&quot;}\">\n\t\t\t\t\t\t<div class=\"elementor-container elementor-column-gap-default\">\n\t\t\t\t\t<div class=\"elementor-column elementor-col-100 elementor-top-column elementor-element elementor-element-837735e\" data-id=\"837735e\" data-element_type=\"column\" data-e-type=\"column\" data-settings=\"{&quot;background_background&quot;:&quot;classic&quot;}\">\n\t\t\t<div class=\"elementor-widget-wrap elementor-element-populated\">\n\t\t\t\t\t\t<div class=\"elementor-element elementor-element-fa82d68 elementor-widget elementor-widget-text-editor\" data-id=\"fa82d68\" data-element_type=\"widget\" data-e-type=\"widget\" data-widget_type=\"text-editor.default\">\n\t\t\t\t<div class=\"elementor-widget-container\">\n\t\t\t\t\t\t\t\t\t<h3>Haak in op de problemen van mensen in plaats van jouw beleidsprobleem op hen af te schuiven. Wie in armoede leeft heeft wel iets anders aan z\u2019n hoofd dan iets abstracts als de energietransitie. Wil je iets voor elkaar krijgen, sluit dan aan op wat er al is in een buurt. Reken niet op een warm onthaal, want de overheid is bij voorbaat verdacht.<\/h3>\t\t\t\t\t\t\t\t<\/div>\n\t\t\t\t<\/div>\n\t\t\t\t<div class=\"elementor-element elementor-element-8cdad77 elementor-widget elementor-widget-text-editor\" data-id=\"8cdad77\" data-element_type=\"widget\" data-e-type=\"widget\" data-widget_type=\"text-editor.default\">\n\t\t\t\t<div class=\"elementor-widget-container\">\n\t\t\t\t\t\t\t\t\t<p>Gemeenten moeten alle inwoners zien mee te krijgen voor hun energiedoelen. Daarmee worstelen ze allemaal. De milieubewuste inwoners met voldoende geld, die krijg je mee. Maar mensen in een huurwoning die nauwelijks rondkomen en met schulden, gezondheidsproblemen, werkloosheid, depressie, criminaliteit zitten? Dat is een ander verhaal.<\/p><h4>De vraag bij een oplossing<\/h4><p>Buurkracht ondersteunt bewonersinitiatieven en weet wat hen beweegt. Het is een maatschappelijke onderneming die samenwerkt met bewoners om buurten leefbaarder, duurzamer, socialer, inclusiever, groener en aantrekkelijker te maken. Zo ook met Neo de Bono van de Moerwijk Co\u00f6peratie, die bewoners op allerlei manieren helpt. De Haagse Moerwijk is een van de armste in Nederland. \u201cWij zijn slachtoffers van goedbedoelde participatietrajecten\u201d, stelt De Bono. \u201cWe worden er moe van. Telkens als er een pot geld beschikbaar is, komen er \u2018jasjes\u2019 de wijk in die zeggen: \u2018Het zou leuk zijn als jullie dit en dat doen, maar we hebben geen geld\u2019. Jawel, er is wel geld, het is alleen niet hiervoor bestemd. Of er komen energieboxen met te weinig tochtstrips en andere materiaal: ronduit beledigend. Jullie komen om te halen. Mensen wantrouwen ambtenaren. Waarom? Omdat ambtenaren hen bij voorbaat wantrouwen. Bewoners weten niet met wie die ambtenaren weer praten. Ze willen niet op de radar komen van de gemeente, want dan komen ze in een databestand en krijgen ze straks brieven van de afdeling Fraude en Handhaving. Ze melden daarom niks meer. Dan l\u00edjkt het alsof alles goed is.\u201d<\/p>\t\t\t\t\t\t\t\t<\/div>\n\t\t\t\t<\/div>\n\t\t\t\t<section class=\"elementor-section elementor-inner-section elementor-element elementor-element-c6096d6 elementor-hidden-mobile elementor-section-boxed elementor-section-height-default elementor-section-height-default\" data-id=\"c6096d6\" data-element_type=\"section\" data-e-type=\"section\">\n\t\t\t\t\t\t<div class=\"elementor-container elementor-column-gap-default\">\n\t\t\t\t\t<div class=\"elementor-column elementor-col-100 elementor-inner-column elementor-element elementor-element-043eb89\" data-id=\"043eb89\" data-element_type=\"column\" data-e-type=\"column\" data-settings=\"{&quot;background_background&quot;:&quot;classic&quot;}\">\n\t\t\t<div class=\"elementor-widget-wrap elementor-element-populated\">\n\t\t\t\t\t<div class=\"elementor-background-overlay\"><\/div>\n\t\t\t\t\t\t<div class=\"elementor-element elementor-element-e9ad2a5 elementor-widget-divider--view-line elementor-widget elementor-widget-divider\" data-id=\"e9ad2a5\" data-element_type=\"widget\" data-e-type=\"widget\" data-widget_type=\"divider.default\">\n\t\t\t\t<div class=\"elementor-widget-container\">\n\t\t\t\t\t\t\t<div class=\"elementor-divider\">\n\t\t\t<span class=\"elementor-divider-separator\">\n\t\t\t\t\t\t<\/span>\n\t\t<\/div>\n\t\t\t\t\t\t<\/div>\n\t\t\t\t<\/div>\n\t\t\t\t<div class=\"elementor-element elementor-element-cf8f364 elementor-widget elementor-widget-text-editor\" data-id=\"cf8f364\" data-element_type=\"widget\" data-e-type=\"widget\" data-widget_type=\"text-editor.default\">\n\t\t\t\t<div class=\"elementor-widget-container\">\n\t\t\t\t\t\t\t\t\t<h3>\u2018We worden moe van al die goedbedoelde participatietrajecten\u2019<\/h3>\t\t\t\t\t\t\t\t<\/div>\n\t\t\t\t<\/div>\n\t\t\t\t<div class=\"elementor-element elementor-element-7c8110f elementor-widget-divider--view-line elementor-widget elementor-widget-divider\" data-id=\"7c8110f\" data-element_type=\"widget\" data-e-type=\"widget\" data-widget_type=\"divider.default\">\n\t\t\t\t<div class=\"elementor-widget-container\">\n\t\t\t\t\t\t\t<div class=\"elementor-divider\">\n\t\t\t<span class=\"elementor-divider-separator\">\n\t\t\t\t\t\t<\/span>\n\t\t<\/div>\n\t\t\t\t\t\t<\/div>\n\t\t\t\t<\/div>\n\t\t\t\t\t<\/div>\n\t\t<\/div>\n\t\t\t\t\t<\/div>\n\t\t<\/section>\n\t\t\t\t<section class=\"elementor-section elementor-inner-section elementor-element elementor-element-e39c875 elementor-hidden-desktop elementor-hidden-tablet elementor-section-boxed elementor-section-height-default elementor-section-height-default\" data-id=\"e39c875\" data-element_type=\"section\" data-e-type=\"section\">\n\t\t\t\t\t\t<div class=\"elementor-container elementor-column-gap-default\">\n\t\t\t\t\t<div class=\"elementor-column elementor-col-100 elementor-inner-column elementor-element elementor-element-e6ac1cf\" data-id=\"e6ac1cf\" data-element_type=\"column\" data-e-type=\"column\" data-settings=\"{&quot;background_background&quot;:&quot;classic&quot;}\">\n\t\t\t<div class=\"elementor-widget-wrap elementor-element-populated\">\n\t\t\t\t\t<div class=\"elementor-background-overlay\"><\/div>\n\t\t\t\t\t\t<div class=\"elementor-element elementor-element-e349f9c elementor-widget-divider--view-line elementor-widget elementor-widget-divider\" data-id=\"e349f9c\" data-element_type=\"widget\" data-e-type=\"widget\" data-widget_type=\"divider.default\">\n\t\t\t\t<div class=\"elementor-widget-container\">\n\t\t\t\t\t\t\t<div class=\"elementor-divider\">\n\t\t\t<span class=\"elementor-divider-separator\">\n\t\t\t\t\t\t<\/span>\n\t\t<\/div>\n\t\t\t\t\t\t<\/div>\n\t\t\t\t<\/div>\n\t\t\t\t<div class=\"elementor-element elementor-element-c07ac18 elementor-widget elementor-widget-text-editor\" data-id=\"c07ac18\" data-element_type=\"widget\" data-e-type=\"widget\" data-widget_type=\"text-editor.default\">\n\t\t\t\t<div class=\"elementor-widget-container\">\n\t\t\t\t\t\t\t\t\t<h3>\u2018We worden moe van al die goedbedoelde participatietrajecten\u2019<\/h3>\t\t\t\t\t\t\t\t<\/div>\n\t\t\t\t<\/div>\n\t\t\t\t<div class=\"elementor-element elementor-element-5a55ccf elementor-widget-divider--view-line elementor-widget elementor-widget-divider\" data-id=\"5a55ccf\" data-element_type=\"widget\" data-e-type=\"widget\" data-widget_type=\"divider.default\">\n\t\t\t\t<div class=\"elementor-widget-container\">\n\t\t\t\t\t\t\t<div class=\"elementor-divider\">\n\t\t\t<span class=\"elementor-divider-separator\">\n\t\t\t\t\t\t<\/span>\n\t\t<\/div>\n\t\t\t\t\t\t<\/div>\n\t\t\t\t<\/div>\n\t\t\t\t\t<\/div>\n\t\t<\/div>\n\t\t\t\t\t<\/div>\n\t\t<\/section>\n\t\t\t\t<div class=\"elementor-element elementor-element-35669c5 elementor-widget elementor-widget-text-editor\" data-id=\"35669c5\" data-element_type=\"widget\" data-e-type=\"widget\" data-widget_type=\"text-editor.default\">\n\t\t\t\t<div class=\"elementor-widget-container\">\n\t\t\t\t\t\t\t\t\t<h4>Voor en met bewoners<\/h4><p>Wat werkt dan wel? De Bono heeft een hartenkreet: \u201cAls jullie zeggen dat jullie er voor de burgers zijn, wat is er dan zo moeilijk aan om het m\u00e9t ze te doen. Als gelijkwaardige partner werken aan oplossingen in plaats van \u2018dozen schuiven\u2019. Dat is makkelijker en blijvender. Luister oprecht naar de behoeften van mensen, werk aan vertrouwen, wees duidelijk over verwachtingen, zorg voor gelijkwaardigheid en ontmoeting. En als je oplossing niet past, neem dat niet persoonlijk.\u201d<\/p>\t\t\t\t\t\t\t\t<\/div>\n\t\t\t\t<\/div>\n\t\t\t\t<div class=\"elementor-element elementor-element-ca94561 elementor-widget elementor-widget-image\" data-id=\"ca94561\" data-element_type=\"widget\" data-e-type=\"widget\" data-widget_type=\"image.default\">\n\t\t\t\t<div class=\"elementor-widget-container\">\n\t\t\t\t\t\t\t\t\t\t\t\t\t\t\t\t<a href=\"https:\/\/on-the-spot.nl\/rescongres2022\/wp-content\/uploads\/2022\/11\/Sessie_Zon-4.jpg\" data-elementor-open-lightbox=\"yes\" data-e-action-hash=\"#elementor-action%3Aaction%3Dlightbox%26settings%3DeyJpZCI6MzkzLCJ1cmwiOiJodHRwczpcL1wvb24tdGhlLXNwb3QubmxcL3Jlc2NvbmdyZXMyMDIyXC93cC1jb250ZW50XC91cGxvYWRzXC8yMDIyXC8xMVwvU2Vzc2llX1pvbi00LmpwZyJ9\">\n\t\t\t\t\t\t\t<img decoding=\"async\" width=\"1000\" height=\"557\" src=\"https:\/\/on-the-spot.nl\/rescongres2022\/wp-content\/uploads\/2022\/11\/Sessie_Zon-4.jpg\" class=\"attachment-large size-large wp-image-393\" alt=\"Sessie Zon op daken en objecten\" srcset=\"https:\/\/on-the-spot.nl\/rescongres2022\/wp-content\/uploads\/2022\/11\/Sessie_Zon-4.jpg 1000w, https:\/\/on-the-spot.nl\/rescongres2022\/wp-content\/uploads\/2022\/11\/Sessie_Zon-4-768x428.jpg 768w\" sizes=\"(max-width: 1000px) 100vw, 1000px\" \/>\t\t\t\t\t\t\t\t<\/a>\n\t\t\t\t\t\t\t\t\t\t\t\t\t\t\t<\/div>\n\t\t\t\t<\/div>\n\t\t\t\t<div class=\"elementor-element elementor-element-80ec06e elementor-widget elementor-widget-text-editor\" data-id=\"80ec06e\" data-element_type=\"widget\" data-e-type=\"widget\" data-widget_type=\"text-editor.default\">\n\t\t\t\t<div class=\"elementor-widget-container\">\n\t\t\t\t\t\t\t\t\t<p>In Moerwijk kunnen mensen zich eenvoudig aanmelden als lid. De co\u00f6peratie helpt de bewoners bij hun problemen, zoals schimmel in huis of een hoge energierekening. Leden kunnen niet gekort worden op hun uitkering, waardoor ze zonder angst initiatief kunnen nemen. De Bono: \u201cDe gemeente geniet geen vertrouwen. Maar als je de \u2018grootste bek\u2019 zover krijgt dat die je helpt, wordt die je grootste ambassadeur.\u201d Floris Baggerman van Buurkracht vult aan: \u201cSluit je aan bij bestaande initiatieven. Bedenk niet meer v\u00f3\u00f3r de bewoners maar ga het samen m\u00e9t hen bedenken \u00e9n uitvoeren.\u201d<\/p><h4>Meer weten?<\/h4>\t\t\t\t\t\t\t\t<\/div>\n\t\t\t\t<\/div>\n\t\t\t\t<div class=\"elementor-element elementor-element-6a67f7b elementor-widget elementor-widget-button\" data-id=\"6a67f7b\" data-element_type=\"widget\" data-e-type=\"widget\" data-widget_type=\"button.default\">\n\t\t\t\t<div class=\"elementor-widget-container\">\n\t\t\t\t\t\t\t\t\t<div class=\"elementor-button-wrapper\">\n\t\t\t\t\t<a class=\"elementor-button elementor-button-link elementor-size-sm elementor-animation-grow\" href=\"https:\/\/www.moerwijkcooperatie.nl\/\" target=\"_blank\">\n\t\t\t\t\t\t<span class=\"elementor-button-content-wrapper\">\n\t\t\t\t\t\t<span class=\"elementor-button-icon\">\n\t\t\t\t<i aria-hidden=\"true\" class=\"fas fa-external-link-alt\"><\/i>\t\t\t<\/span>\n\t\t\t\t\t\t\t\t\t<span class=\"elementor-button-text\">Kijk op Moerwijk Co\u00f6peratie wat de co\u00f6peratie doet voor bewoners<\/span>\n\t\t\t\t\t<\/span>\n\t\t\t\t\t<\/a>\n\t\t\t\t<\/div>\n\t\t\t\t\t\t\t\t<\/div>\n\t\t\t\t<\/div>\n\t\t\t\t<div class=\"elementor-element elementor-element-ec6082e elementor-widget elementor-widget-button\" data-id=\"ec6082e\" data-element_type=\"widget\" data-e-type=\"widget\" data-widget_type=\"button.default\">\n\t\t\t\t<div class=\"elementor-widget-container\">\n\t\t\t\t\t\t\t\t\t<div class=\"elementor-button-wrapper\">\n\t\t\t\t\t<a class=\"elementor-button elementor-button-link elementor-size-sm elementor-animation-grow\" href=\"https:\/\/www.buurkracht.nl\/\" target=\"_blank\">\n\t\t\t\t\t\t<span class=\"elementor-button-content-wrapper\">\n\t\t\t\t\t\t<span class=\"elementor-button-icon\">\n\t\t\t\t<i aria-hidden=\"true\" class=\"fas fa-external-link-alt\"><\/i>\t\t\t<\/span>\n\t\t\t\t\t\t\t\t\t<span class=\"elementor-button-text\">Zie ook Buurkracht<\/span>\n\t\t\t\t\t<\/span>\n\t\t\t\t\t<\/a>\n\t\t\t\t<\/div>\n\t\t\t\t\t\t\t\t<\/div>\n\t\t\t\t<\/div>\n\t\t\t\t<section class=\"elementor-section elementor-inner-section elementor-element elementor-element-52fd8b3 elementor-section-boxed elementor-section-height-default elementor-section-height-default\" data-id=\"52fd8b3\" data-element_type=\"section\" data-e-type=\"section\">\n\t\t\t\t\t\t<div class=\"elementor-container elementor-column-gap-default\">\n\t\t\t\t\t<div class=\"elementor-column elementor-col-100 elementor-inner-column elementor-element elementor-element-8412b37\" data-id=\"8412b37\" data-element_type=\"column\" data-e-type=\"column\" data-settings=\"{&quot;background_background&quot;:&quot;classic&quot;}\">\n\t\t\t<div class=\"elementor-widget-wrap elementor-element-populated\">\n\t\t\t\t\t\t<div class=\"elementor-element elementor-element-5aaa471 elementor-widget elementor-widget-heading\" data-id=\"5aaa471\" data-element_type=\"widget\" data-e-type=\"widget\" data-widget_type=\"heading.default\">\n\t\t\t\t<div class=\"elementor-widget-container\">\n\t\t\t\t\t<h3 class=\"elementor-heading-title elementor-size-default\">Reactie<\/h3>\t\t\t\t<\/div>\n\t\t\t\t<\/div>\n\t\t\t\t<div class=\"elementor-element elementor-element-eaed606 elementor-widget elementor-widget-text-editor\" data-id=\"eaed606\" data-element_type=\"widget\" data-e-type=\"widget\" data-widget_type=\"text-editor.default\">\n\t\t\t\t<div class=\"elementor-widget-container\">\n\t\t\t\t\t\t\t\t\t<h2>\u2018Luide bewoners inschakelen\u2019<\/h2><p>\u201cWe moeten aansluiten bij wat speelt in een wijk. Meer vanuit de inwoners denken, niet vanuit de gemeente. En beseffen dat we een ander perspectief hebben. Someren kent weinig organisatie; mensen zijn erg op zichzelf. Ik denk dat we moeten beginnen met die zogenoemde \u2018luide\u2019 bewoners in aanraking komen. Via hen kan je de buurt in. Dan hoort de buurt het van hen in plaats van de gemeente. Bepaalde ambtenaren wonen ook in Someren. Die kunnen ze benaderen.\u201d<\/p><p><strong>Loes van Rooij, trainee Energietransitie gemeente Someren<\/strong><\/p>\t\t\t\t\t\t\t\t<\/div>\n\t\t\t\t<\/div>\n\t\t\t\t\t<\/div>\n\t\t<\/div>\n\t\t\t\t\t<\/div>\n\t\t<\/section>\n\t\t\t\t\t<\/div>\n\t\t<\/div>\n\t\t\t\t\t<\/div>\n\t\t<\/section>\n\t\t\t\t<section class=\"elementor-section elementor-top-section elementor-element elementor-element-cf8d8bc elementor-section-stretched elementor-section-boxed elementor-section-height-default elementor-section-height-default\" data-id=\"cf8d8bc\" data-element_type=\"section\" data-e-type=\"section\" id=\"eigendom\" data-settings=\"{&quot;background_background&quot;:&quot;classic&quot;,&quot;stretch_section&quot;:&quot;section-stretched&quot;}\">\n\t\t\t\t\t\t<div class=\"elementor-container elementor-column-gap-default\">\n\t\t\t\t\t<div class=\"elementor-column elementor-col-100 elementor-top-column elementor-element elementor-element-52ca4f9\" data-id=\"52ca4f9\" data-element_type=\"column\" data-e-type=\"column\" data-settings=\"{&quot;background_background&quot;:&quot;classic&quot;}\">\n\t\t\t<div class=\"elementor-widget-wrap elementor-element-populated\">\n\t\t\t\t\t\t<div class=\"elementor-element elementor-element-657a0bf elementor-widget elementor-widget-heading\" data-id=\"657a0bf\" data-element_type=\"widget\" data-e-type=\"widget\" data-widget_type=\"heading.default\">\n\t\t\t\t<div class=\"elementor-widget-container\">\n\t\t\t\t\t<h3 class=\"elementor-heading-title elementor-size-default\">Lokaal eigendom in de praktijk<\/h3>\t\t\t\t<\/div>\n\t\t\t\t<\/div>\n\t\t\t\t<div class=\"elementor-element elementor-element-ac7c513 elementor-widget elementor-widget-spacer\" data-id=\"ac7c513\" data-element_type=\"widget\" data-e-type=\"widget\" data-widget_type=\"spacer.default\">\n\t\t\t\t<div class=\"elementor-widget-container\">\n\t\t\t\t\t\t\t<div class=\"elementor-spacer\">\n\t\t\t<div class=\"elementor-spacer-inner\"><\/div>\n\t\t<\/div>\n\t\t\t\t\t\t<\/div>\n\t\t\t\t<\/div>\n\t\t\t\t<div class=\"elementor-element elementor-element-d615a03 elementor-widget elementor-widget-heading\" data-id=\"d615a03\" data-element_type=\"widget\" data-e-type=\"widget\" data-widget_type=\"heading.default\">\n\t\t\t\t<div class=\"elementor-widget-container\">\n\t\t\t\t\t<h2 class=\"elementor-heading-title elementor-size-default\">Versterk de lokale co\u00f6peratie\n<\/h2>\t\t\t\t<\/div>\n\t\t\t\t<\/div>\n\t\t\t\t\t<\/div>\n\t\t<\/div>\n\t\t\t\t\t<\/div>\n\t\t<\/section>\n\t\t\t\t<section class=\"elementor-section elementor-top-section elementor-element elementor-element-25ac66b elementor-section-stretched elementor-section-boxed elementor-section-height-default elementor-section-height-default\" data-id=\"25ac66b\" data-element_type=\"section\" data-e-type=\"section\" data-settings=\"{&quot;background_background&quot;:&quot;classic&quot;,&quot;stretch_section&quot;:&quot;section-stretched&quot;}\">\n\t\t\t\t\t\t<div class=\"elementor-container elementor-column-gap-default\">\n\t\t\t\t\t<div class=\"elementor-column elementor-col-100 elementor-top-column elementor-element elementor-element-5cea344\" data-id=\"5cea344\" data-element_type=\"column\" data-e-type=\"column\" data-settings=\"{&quot;background_background&quot;:&quot;classic&quot;}\">\n\t\t\t<div class=\"elementor-widget-wrap elementor-element-populated\">\n\t\t\t\t\t\t<div class=\"elementor-element elementor-element-cc77256 elementor-widget elementor-widget-text-editor\" data-id=\"cc77256\" data-element_type=\"widget\" data-e-type=\"widget\" data-widget_type=\"text-editor.default\">\n\t\t\t\t<div class=\"elementor-widget-container\">\n\t\t\t\t\t\t\t\t\t<h3>Lokale initiatieven moeten ondersteund worden om partij te kunnen zijn tegenover commerci\u00eble partijen en om meer deelnemers aan te trekken. Dat zorgt eerder voor versnelling van de transitie dan discussies over wie nu de eerste stap moet zetten en wie bepaalt of co\u00f6peraties winst mogen verdelen over de leden of niet.<\/h3>\t\t\t\t\t\t\t\t<\/div>\n\t\t\t\t<\/div>\n\t\t\t\t<div class=\"elementor-element elementor-element-592b7d9 elementor-widget elementor-widget-text-editor\" data-id=\"592b7d9\" data-element_type=\"widget\" data-e-type=\"widget\" data-widget_type=\"text-editor.default\">\n\t\t\t\t<div class=\"elementor-widget-container\">\n\t\t\t\t\t\t\t\t\t<p>Gerlach Velthoven richtte met een groepje bewoners in West-Betuwe de co\u00f6peratie Betuwewind op. \u201cWe hadden een hoge ambitie en de gemeente steunde ons. We hebben twee jaar genomen om te leren.\u201d Hij adviseert niet bang te zijn voor samenwerking met commerci\u00eble partners, maar ze juist te gebruiken. \u201cJe m\u00f3et wel met ze samenwerken. Voordeel is dat je dan voortaan de weg weet. We hebben nu de middelen om regie te houden.\u201d<\/p><h4>Elitair imago<\/h4><p>Met het streven in het klimaatakkoord van 50% lokaal eigendom zal veel op bewonersinitiatieven neerkomen. De overheid heeft hierin een stimulerende en faciliterende rol. De energietransitie alleen aan marktpartijen overlaten heeft weinig steun; er is wantrouwen over hun maatschappelijke intenties. En er is bij veel bewoners geen vertrouwen in de kracht van bewonersinitiatieven. Dat vertelt een recent onderzoek van het Sociaal en Cultureel Planbureau. Gemeenten vertegenwoordigen alle bewoners, maar missen de middelen en capaciteit om lokale initiatieven te ontwikkelen. <br \/>Betuwewind werkte samen met een commerci\u00eble projectontwikkelaar, met instemming van de gemeente. \u201cDat werkte prima\u201d, zegt Gerlach. \u201cDe rol van de gemeente is dergelijke partijen aan tafel te brengen\u201d, stelt Erwin Lindeijer van de gemeente Almere. \u201cWij kunnen de kaders stellen, bijvoorbeeld door duidelijk te maken dat we alleen een bewonersinitiatief steunen.\u201d<br \/>\u201cHet is ondenkbaar dat er nog projecten worden ontwikkeld zonder intensieve betrokkenheid van bewoners\u201d, bevestigt Marjolein Verhagen van Solarfields, een commerci\u00eble ontwikkelaar van zonneparken.<\/p>\t\t\t\t\t\t\t\t<\/div>\n\t\t\t\t<\/div>\n\t\t\t\t<div class=\"elementor-element elementor-element-67c1125 elementor-widget elementor-widget-image\" data-id=\"67c1125\" data-element_type=\"widget\" data-e-type=\"widget\" data-widget_type=\"image.default\">\n\t\t\t\t<div class=\"elementor-widget-container\">\n\t\t\t\t\t\t\t\t\t\t\t\t\t\t\t<img loading=\"lazy\" decoding=\"async\" width=\"1000\" height=\"607\" src=\"https:\/\/on-the-spot.nl\/rescongres2022\/wp-content\/uploads\/2022\/11\/Sessie_Lokaal_Eigendom-2.jpg\" class=\"attachment-large size-large wp-image-567\" alt=\"Sessie Lokaal eigendom in de praktijk\" srcset=\"https:\/\/on-the-spot.nl\/rescongres2022\/wp-content\/uploads\/2022\/11\/Sessie_Lokaal_Eigendom-2.jpg 1000w, https:\/\/on-the-spot.nl\/rescongres2022\/wp-content\/uploads\/2022\/11\/Sessie_Lokaal_Eigendom-2-768x466.jpg 768w\" sizes=\"(max-width: 1000px) 100vw, 1000px\" \/>\t\t\t\t\t\t\t\t\t\t\t\t\t\t\t<\/div>\n\t\t\t\t<\/div>\n\t\t\t\t<div class=\"elementor-element elementor-element-204fa67 elementor-widget elementor-widget-text-editor\" data-id=\"204fa67\" data-element_type=\"widget\" data-e-type=\"widget\" data-widget_type=\"text-editor.default\">\n\t\t\t\t<div class=\"elementor-widget-container\">\n\t\t\t\t\t\t\t\t\t<h4>Ideologisch of pragmatisch?<\/h4><p>Hoewel Betuwewind met duizend leden de grootste vereniging van de gemeente West-Betuwe is, heeft ze vaak toch het imago van elitair, van een kleine groep mensen die geld heeft om te investeren in een project. Door te laten zien dat opbrengsten aan allerlei lokale doelen worden besteed, winnen ze langzaam het vertrouwen van andere bewoners.<br \/>De gemeenten zouden voorwaarden kunnen stellen aan de bestemming van de winst. \u201cDat is een ideologische discussie\u201d, meent Steef Janssen van Windunie. \u201cBekijk het pragmatisch: wat is haalbaar op een plek.\u201d Roelof Lanting van de co\u00f6peratie Duurzaam Menterwolde in Groningen deelt die mening. \u201cMet zo\u2019n discussie komt de transitie niet vooruit. Bij ons is het uitgesloten dat de winst naar leden gaat. Die gaat naar energieprojecten of de lokale gemeenschap.\u201d <\/p><h4>Meer weten?<\/h4>\t\t\t\t\t\t\t\t<\/div>\n\t\t\t\t<\/div>\n\t\t\t\t<div class=\"elementor-element elementor-element-a474adc elementor-widget elementor-widget-button\" data-id=\"a474adc\" data-element_type=\"widget\" data-e-type=\"widget\" data-widget_type=\"button.default\">\n\t\t\t\t<div class=\"elementor-widget-container\">\n\t\t\t\t\t\t\t\t\t<div class=\"elementor-button-wrapper\">\n\t\t\t\t\t<a class=\"elementor-button elementor-button-link elementor-size-sm elementor-animation-grow\" href=\"https:\/\/regionale-energiestrategie.nl\/praktijkverhalen\/2134615.aspx\" target=\"_blank\">\n\t\t\t\t\t\t<span class=\"elementor-button-content-wrapper\">\n\t\t\t\t\t\t<span class=\"elementor-button-icon\">\n\t\t\t\t<i aria-hidden=\"true\" class=\"fas fa-external-link-alt\"><\/i>\t\t\t<\/span>\n\t\t\t\t\t\t\t\t\t<span class=\"elementor-button-text\">Praktijkverhalen van windpark Pampus Wind en de zonneparken Bijvanck en Eekerpolder<\/span>\n\t\t\t\t\t<\/span>\n\t\t\t\t\t<\/a>\n\t\t\t\t<\/div>\n\t\t\t\t\t\t\t\t<\/div>\n\t\t\t\t<\/div>\n\t\t\t\t<div class=\"elementor-element elementor-element-baaaf81 elementor-widget elementor-widget-button\" data-id=\"baaaf81\" data-element_type=\"widget\" data-e-type=\"widget\" data-widget_type=\"button.default\">\n\t\t\t\t<div class=\"elementor-widget-container\">\n\t\t\t\t\t\t\t\t\t<div class=\"elementor-button-wrapper\">\n\t\t\t\t\t<a class=\"elementor-button elementor-button-link elementor-size-sm elementor-animation-grow\" href=\"https:\/\/www.scp.nl\/publicaties\/publicaties\/2022\/11\/02\/burgers-overheid-of-bedrijven-wie-is-aan-zet\" target=\"_blank\">\n\t\t\t\t\t\t<span class=\"elementor-button-content-wrapper\">\n\t\t\t\t\t\t<span class=\"elementor-button-icon\">\n\t\t\t\t<i aria-hidden=\"true\" class=\"fas fa-external-link-alt\"><\/i>\t\t\t<\/span>\n\t\t\t\t\t\t\t\t\t<span class=\"elementor-button-text\">Onderzoek van Sociaal en Cultureel Planbureau naar initiatiefrollen bij lokale duurzame energieprojecten<\/span>\n\t\t\t\t\t<\/span>\n\t\t\t\t\t<\/a>\n\t\t\t\t<\/div>\n\t\t\t\t\t\t\t\t<\/div>\n\t\t\t\t<\/div>\n\t\t\t\t<section class=\"elementor-section elementor-inner-section elementor-element elementor-element-3d0d935 elementor-section-boxed elementor-section-height-default elementor-section-height-default\" data-id=\"3d0d935\" data-element_type=\"section\" data-e-type=\"section\">\n\t\t\t\t\t\t<div class=\"elementor-container elementor-column-gap-default\">\n\t\t\t\t\t<div class=\"elementor-column elementor-col-100 elementor-inner-column elementor-element elementor-element-b8a46d9\" data-id=\"b8a46d9\" data-element_type=\"column\" data-e-type=\"column\" data-settings=\"{&quot;background_background&quot;:&quot;classic&quot;}\">\n\t\t\t<div class=\"elementor-widget-wrap elementor-element-populated\">\n\t\t\t\t\t\t<div class=\"elementor-element elementor-element-8553bc0 elementor-widget elementor-widget-heading\" data-id=\"8553bc0\" data-element_type=\"widget\" data-e-type=\"widget\" data-widget_type=\"heading.default\">\n\t\t\t\t<div class=\"elementor-widget-container\">\n\t\t\t\t\t<h3 class=\"elementor-heading-title elementor-size-default\">Reactie<\/h3>\t\t\t\t<\/div>\n\t\t\t\t<\/div>\n\t\t\t\t<div class=\"elementor-element elementor-element-aebb052 elementor-widget elementor-widget-text-editor\" data-id=\"aebb052\" data-element_type=\"widget\" data-e-type=\"widget\" data-widget_type=\"text-editor.default\">\n\t\t\t\t<div class=\"elementor-widget-container\">\n\t\t\t\t\t\t\t\t\t<h2>\u2018Tekort aan capaciteit en middelen\u2019<\/h2><p>\u201cIk merk dat initiatieven in de praktijk moeilijk van de grond komen. Drenthe kent vooral kleine gemeenten met een groot oppervlakte. Die hebben een tekort aan capaciteit en middelen om dat goed op te pakken. Ze kunnen weinig kennis opbouwen. Die is nodig om initiatieven te ondersteunen die het tempo van de ontwikkelingen niet kunnen bijhouden. Daarom hebben we een ondersteuningsprogramma op provinciaal niveau om hen op peil te brengen en witte vlekken op te vullen.\u201d<\/p><p><strong>Mari\u00eblle Zijlstra, werkbureau RES-regio Drenthe<\/strong><\/p>\t\t\t\t\t\t\t\t<\/div>\n\t\t\t\t<\/div>\n\t\t\t\t\t<\/div>\n\t\t<\/div>\n\t\t\t\t\t<\/div>\n\t\t<\/section>\n\t\t\t\t\t<\/div>\n\t\t<\/div>\n\t\t\t\t\t<\/div>\n\t\t<\/section>\n\t\t\t\t<section class=\"elementor-section elementor-top-section elementor-element elementor-element-0ba543e elementor-section-boxed elementor-section-height-default elementor-section-height-default\" data-id=\"0ba543e\" data-element_type=\"section\" data-e-type=\"section\">\n\t\t\t\t\t\t<div class=\"elementor-container elementor-column-gap-default\">\n\t\t\t\t\t<div class=\"elementor-column elementor-col-100 elementor-top-column elementor-element elementor-element-46af8ad\" data-id=\"46af8ad\" data-element_type=\"column\" data-e-type=\"column\">\n\t\t\t<div class=\"elementor-widget-wrap elementor-element-populated\">\n\t\t\t\t\t\t<div class=\"elementor-element elementor-element-4c08f20 elementor-widget elementor-widget-spacer\" data-id=\"4c08f20\" data-element_type=\"widget\" data-e-type=\"widget\" data-widget_type=\"spacer.default\">\n\t\t\t\t<div class=\"elementor-widget-container\">\n\t\t\t\t\t\t\t<div class=\"elementor-spacer\">\n\t\t\t<div class=\"elementor-spacer-inner\"><\/div>\n\t\t<\/div>\n\t\t\t\t\t\t<\/div>\n\t\t\t\t<\/div>\n\t\t\t\t<div class=\"elementor-element elementor-element-82db191 elementor-widget elementor-widget-heading\" data-id=\"82db191\" data-element_type=\"widget\" data-e-type=\"widget\" data-widget_type=\"heading.default\">\n\t\t\t\t<div class=\"elementor-widget-container\">\n\t\t\t\t\t<h3 class=\"elementor-heading-title elementor-size-default\">Delen<\/h3>\t\t\t\t<\/div>\n\t\t\t\t<\/div>\n\t\t\t\t<div class=\"elementor-element elementor-element-901440b elementor-share-buttons--view-icon elementor-share-buttons--skin-framed elementor-share-buttons--color-custom elementor-share-buttons--shape-square elementor-grid-0 elementor-widget elementor-widget-share-buttons\" data-id=\"901440b\" data-element_type=\"widget\" data-e-type=\"widget\" data-widget_type=\"share-buttons.default\">\n\t\t\t\t<div class=\"elementor-widget-container\">\n\t\t\t\t\t\t\t<div class=\"elementor-grid\" role=\"list\">\n\t\t\t\t\t\t\t\t<div class=\"elementor-grid-item\" role=\"listitem\">\n\t\t\t\t\t\t<div class=\"elementor-share-btn elementor-share-btn_linkedin\" role=\"button\" tabindex=\"0\" aria-label=\"Delen op linkedin\">\n\t\t\t\t\t\t\t\t\t\t\t\t\t\t\t<span class=\"elementor-share-btn__icon\">\n\t\t\t\t\t\t\t\t<i class=\"fab fa-linkedin\" aria-hidden=\"true\"><\/i>\t\t\t\t\t\t\t<\/span>\n\t\t\t\t\t\t\t\t\t\t\t\t\t\t\t\t\t\t\t\t<\/div>\n\t\t\t\t\t<\/div>\n\t\t\t\t\t\t\t\t\t<div class=\"elementor-grid-item\" role=\"listitem\">\n\t\t\t\t\t\t<div class=\"elementor-share-btn elementor-share-btn_twitter\" role=\"button\" tabindex=\"0\" aria-label=\"Delen op twitter\">\n\t\t\t\t\t\t\t\t\t\t\t\t\t\t\t<span class=\"elementor-share-btn__icon\">\n\t\t\t\t\t\t\t\t<i class=\"fab fa-twitter\" aria-hidden=\"true\"><\/i>\t\t\t\t\t\t\t<\/span>\n\t\t\t\t\t\t\t\t\t\t\t\t\t\t\t\t\t\t\t\t<\/div>\n\t\t\t\t\t<\/div>\n\t\t\t\t\t\t\t\t\t<div class=\"elementor-grid-item\" role=\"listitem\">\n\t\t\t\t\t\t<div class=\"elementor-share-btn elementor-share-btn_email\" role=\"button\" tabindex=\"0\" aria-label=\"Delen op email\">\n\t\t\t\t\t\t\t\t\t\t\t\t\t\t\t<span class=\"elementor-share-btn__icon\">\n\t\t\t\t\t\t\t\t<i class=\"fas fa-envelope\" aria-hidden=\"true\"><\/i>\t\t\t\t\t\t\t<\/span>\n\t\t\t\t\t\t\t\t\t\t\t\t\t\t\t\t\t\t\t\t<\/div>\n\t\t\t\t\t<\/div>\n\t\t\t\t\t\t\t\t\t<div class=\"elementor-grid-item\" role=\"listitem\">\n\t\t\t\t\t\t<div class=\"elementor-share-btn elementor-share-btn_facebook\" role=\"button\" tabindex=\"0\" aria-label=\"Delen op facebook\">\n\t\t\t\t\t\t\t\t\t\t\t\t\t\t\t<span class=\"elementor-share-btn__icon\">\n\t\t\t\t\t\t\t\t<i class=\"fab fa-facebook\" aria-hidden=\"true\"><\/i>\t\t\t\t\t\t\t<\/span>\n\t\t\t\t\t\t\t\t\t\t\t\t\t\t\t\t\t\t\t\t<\/div>\n\t\t\t\t\t<\/div>\n\t\t\t\t\t\t<\/div>\n\t\t\t\t\t\t<\/div>\n\t\t\t\t<\/div>\n\t\t\t\t<div class=\"elementor-element elementor-element-85d04b2 elementor-widget elementor-widget-heading\" data-id=\"85d04b2\" data-element_type=\"widget\" data-e-type=\"widget\" data-widget_type=\"heading.default\">\n\t\t\t\t<div class=\"elementor-widget-container\">\n\t\t\t\t\t<h6 class=\"elementor-heading-title elementor-size-default\"><a href=\"https:\/\/on-the-spot.nl\/\" target=\"_blank\">\u00a92022 - Made by On the Spot<\/a><\/h6>\t\t\t\t<\/div>\n\t\t\t\t<\/div>\n\t\t\t\t\t<\/div>\n\t\t<\/div>\n\t\t\t\t\t<\/div>\n\t\t<\/section>\n\t\t\t\t<\/div>\n\t\t","protected":false},"excerpt":{"rendered":"<p>Participatie &amp; communicatie Bewoners zijn cruciaal in de energietransitie: in besparen, in het zelf opwekken van duurzame energie, in het meedenken voor oplossingen. Hoe betrekken we hen? Snel naar: D\u00e9 inwoner bestaat niet Energie &amp; armoede Lokaal eigendom in de praktijk Meer informatie over Participatie vind je op de website van NP&nbsp;RES D\u00e9 inwoner bestaat [&hellip;]<\/p>\n","protected":false},"author":1,"featured_media":0,"parent":0,"menu_order":70,"comment_status":"closed","ping_status":"closed","template":"elementor_header_footer","meta":{"inline_featured_image":false,"footnotes":""},"class_list":["post-538","page","type-page","status-publish","hentry"],"yoast_head":"<!-- This site is optimized with the Yoast SEO plugin v27.4 - https:\/\/yoast.com\/product\/yoast-seo-wordpress\/ -->\n<title>Participatie &amp; communicatie - RES congres<\/title>\n<meta name=\"description\" content=\"Lees het e-zine over het RES-congres. Met een aftermovie, verslagen, presentaties en meer!\" \/>\n<meta name=\"robots\" content=\"index, follow, max-snippet:-1, max-image-preview:large, max-video-preview:-1\" \/>\n<link rel=\"canonical\" href=\"https:\/\/on-the-spot.nl\/rescongres2022\/participatie-en-communicatie\/\" \/>\n<meta property=\"og:locale\" content=\"nl_NL\" \/>\n<meta property=\"og:type\" content=\"article\" \/>\n<meta property=\"og:title\" content=\"Participatie &amp; communicatie - RES congres\" \/>\n<meta property=\"og:description\" content=\"Lees het e-zine over het RES-congres. Met een aftermovie, verslagen, presentaties en meer!\" \/>\n<meta property=\"og:url\" content=\"https:\/\/on-the-spot.nl\/rescongres2022\/participatie-en-communicatie\/\" \/>\n<meta property=\"og:site_name\" content=\"RES congres\" \/>\n<meta property=\"article:modified_time\" content=\"2022-11-17T12:48:48+00:00\" \/>\n<meta property=\"og:image\" content=\"https:\/\/on-the-spot.nl\/rescongres2022\/wp-content\/uploads\/2022\/11\/RES_headers-tegels_Participatie.png\" \/>\n<meta name=\"twitter:card\" content=\"summary_large_image\" \/>\n<meta name=\"twitter:label1\" content=\"Geschatte leestijd\" \/>\n\t<meta name=\"twitter:data1\" content=\"10 minuten\" \/>\n<script type=\"application\/ld+json\" class=\"yoast-schema-graph\">{\"@context\":\"https:\\\/\\\/schema.org\",\"@graph\":[{\"@type\":\"WebPage\",\"@id\":\"https:\\\/\\\/on-the-spot.nl\\\/rescongres2022\\\/participatie-en-communicatie\\\/\",\"url\":\"https:\\\/\\\/on-the-spot.nl\\\/rescongres2022\\\/participatie-en-communicatie\\\/\",\"name\":\"Participatie & communicatie - RES congres\",\"isPartOf\":{\"@id\":\"https:\\\/\\\/on-the-spot.nl\\\/rescongres2022\\\/#website\"},\"primaryImageOfPage\":{\"@id\":\"https:\\\/\\\/on-the-spot.nl\\\/rescongres2022\\\/participatie-en-communicatie\\\/#primaryimage\"},\"image\":{\"@id\":\"https:\\\/\\\/on-the-spot.nl\\\/rescongres2022\\\/participatie-en-communicatie\\\/#primaryimage\"},\"thumbnailUrl\":\"https:\\\/\\\/on-the-spot.nl\\\/rescongres2022\\\/wp-content\\\/uploads\\\/2022\\\/11\\\/RES_headers-tegels_Participatie.png\",\"datePublished\":\"2022-07-13T18:47:40+00:00\",\"dateModified\":\"2022-11-17T12:48:48+00:00\",\"description\":\"Lees het e-zine over het RES-congres. Met een aftermovie, verslagen, presentaties en meer!\",\"breadcrumb\":{\"@id\":\"https:\\\/\\\/on-the-spot.nl\\\/rescongres2022\\\/participatie-en-communicatie\\\/#breadcrumb\"},\"inLanguage\":\"nl-NL\",\"potentialAction\":[{\"@type\":\"ReadAction\",\"target\":[\"https:\\\/\\\/on-the-spot.nl\\\/rescongres2022\\\/participatie-en-communicatie\\\/\"]}]},{\"@type\":\"ImageObject\",\"inLanguage\":\"nl-NL\",\"@id\":\"https:\\\/\\\/on-the-spot.nl\\\/rescongres2022\\\/participatie-en-communicatie\\\/#primaryimage\",\"url\":\"https:\\\/\\\/on-the-spot.nl\\\/rescongres2022\\\/wp-content\\\/uploads\\\/2022\\\/11\\\/RES_headers-tegels_Participatie.png\",\"contentUrl\":\"https:\\\/\\\/on-the-spot.nl\\\/rescongres2022\\\/wp-content\\\/uploads\\\/2022\\\/11\\\/RES_headers-tegels_Participatie.png\",\"width\":2501,\"height\":1250},{\"@type\":\"BreadcrumbList\",\"@id\":\"https:\\\/\\\/on-the-spot.nl\\\/rescongres2022\\\/participatie-en-communicatie\\\/#breadcrumb\",\"itemListElement\":[{\"@type\":\"ListItem\",\"position\":1,\"name\":\"Home\",\"item\":\"https:\\\/\\\/on-the-spot.nl\\\/rescongres2022\\\/\"},{\"@type\":\"ListItem\",\"position\":2,\"name\":\"Participatie &#038; communicatie\"}]},{\"@type\":\"WebSite\",\"@id\":\"https:\\\/\\\/on-the-spot.nl\\\/rescongres2022\\\/#website\",\"url\":\"https:\\\/\\\/on-the-spot.nl\\\/rescongres2022\\\/\",\"name\":\"RES congres\",\"description\":\"2022\",\"potentialAction\":[{\"@type\":\"SearchAction\",\"target\":{\"@type\":\"EntryPoint\",\"urlTemplate\":\"https:\\\/\\\/on-the-spot.nl\\\/rescongres2022\\\/?s={search_term_string}\"},\"query-input\":{\"@type\":\"PropertyValueSpecification\",\"valueRequired\":true,\"valueName\":\"search_term_string\"}}],\"inLanguage\":\"nl-NL\"}]}<\/script>\n<!-- \/ Yoast SEO plugin. -->","yoast_head_json":{"title":"Participatie & communicatie - RES congres","description":"Lees het e-zine over het RES-congres. Met een aftermovie, verslagen, presentaties en meer!","robots":{"index":"index","follow":"follow","max-snippet":"max-snippet:-1","max-image-preview":"max-image-preview:large","max-video-preview":"max-video-preview:-1"},"canonical":"https:\/\/on-the-spot.nl\/rescongres2022\/participatie-en-communicatie\/","og_locale":"nl_NL","og_type":"article","og_title":"Participatie & communicatie - RES congres","og_description":"Lees het e-zine over het RES-congres. Met een aftermovie, verslagen, presentaties en meer!","og_url":"https:\/\/on-the-spot.nl\/rescongres2022\/participatie-en-communicatie\/","og_site_name":"RES congres","article_modified_time":"2022-11-17T12:48:48+00:00","og_image":[{"url":"https:\/\/on-the-spot.nl\/rescongres2022\/wp-content\/uploads\/2022\/11\/RES_headers-tegels_Participatie.png","type":"","width":"","height":""}],"twitter_card":"summary_large_image","twitter_misc":{"Geschatte leestijd":"10 minuten"},"schema":{"@context":"https:\/\/schema.org","@graph":[{"@type":"WebPage","@id":"https:\/\/on-the-spot.nl\/rescongres2022\/participatie-en-communicatie\/","url":"https:\/\/on-the-spot.nl\/rescongres2022\/participatie-en-communicatie\/","name":"Participatie & communicatie - RES congres","isPartOf":{"@id":"https:\/\/on-the-spot.nl\/rescongres2022\/#website"},"primaryImageOfPage":{"@id":"https:\/\/on-the-spot.nl\/rescongres2022\/participatie-en-communicatie\/#primaryimage"},"image":{"@id":"https:\/\/on-the-spot.nl\/rescongres2022\/participatie-en-communicatie\/#primaryimage"},"thumbnailUrl":"https:\/\/on-the-spot.nl\/rescongres2022\/wp-content\/uploads\/2022\/11\/RES_headers-tegels_Participatie.png","datePublished":"2022-07-13T18:47:40+00:00","dateModified":"2022-11-17T12:48:48+00:00","description":"Lees het e-zine over het RES-congres. Met een aftermovie, verslagen, presentaties en meer!","breadcrumb":{"@id":"https:\/\/on-the-spot.nl\/rescongres2022\/participatie-en-communicatie\/#breadcrumb"},"inLanguage":"nl-NL","potentialAction":[{"@type":"ReadAction","target":["https:\/\/on-the-spot.nl\/rescongres2022\/participatie-en-communicatie\/"]}]},{"@type":"ImageObject","inLanguage":"nl-NL","@id":"https:\/\/on-the-spot.nl\/rescongres2022\/participatie-en-communicatie\/#primaryimage","url":"https:\/\/on-the-spot.nl\/rescongres2022\/wp-content\/uploads\/2022\/11\/RES_headers-tegels_Participatie.png","contentUrl":"https:\/\/on-the-spot.nl\/rescongres2022\/wp-content\/uploads\/2022\/11\/RES_headers-tegels_Participatie.png","width":2501,"height":1250},{"@type":"BreadcrumbList","@id":"https:\/\/on-the-spot.nl\/rescongres2022\/participatie-en-communicatie\/#breadcrumb","itemListElement":[{"@type":"ListItem","position":1,"name":"Home","item":"https:\/\/on-the-spot.nl\/rescongres2022\/"},{"@type":"ListItem","position":2,"name":"Participatie &#038; communicatie"}]},{"@type":"WebSite","@id":"https:\/\/on-the-spot.nl\/rescongres2022\/#website","url":"https:\/\/on-the-spot.nl\/rescongres2022\/","name":"RES congres","description":"2022","potentialAction":[{"@type":"SearchAction","target":{"@type":"EntryPoint","urlTemplate":"https:\/\/on-the-spot.nl\/rescongres2022\/?s={search_term_string}"},"query-input":{"@type":"PropertyValueSpecification","valueRequired":true,"valueName":"search_term_string"}}],"inLanguage":"nl-NL"}]}},"_links":{"self":[{"href":"https:\/\/on-the-spot.nl\/rescongres2022\/wp-json\/wp\/v2\/pages\/538","targetHints":{"allow":["GET"]}}],"collection":[{"href":"https:\/\/on-the-spot.nl\/rescongres2022\/wp-json\/wp\/v2\/pages"}],"about":[{"href":"https:\/\/on-the-spot.nl\/rescongres2022\/wp-json\/wp\/v2\/types\/page"}],"author":[{"embeddable":true,"href":"https:\/\/on-the-spot.nl\/rescongres2022\/wp-json\/wp\/v2\/users\/1"}],"replies":[{"embeddable":true,"href":"https:\/\/on-the-spot.nl\/rescongres2022\/wp-json\/wp\/v2\/comments?post=538"}],"version-history":[{"count":117,"href":"https:\/\/on-the-spot.nl\/rescongres2022\/wp-json\/wp\/v2\/pages\/538\/revisions"}],"predecessor-version":[{"id":1698,"href":"https:\/\/on-the-spot.nl\/rescongres2022\/wp-json\/wp\/v2\/pages\/538\/revisions\/1698"}],"wp:attachment":[{"href":"https:\/\/on-the-spot.nl\/rescongres2022\/wp-json\/wp\/v2\/media?parent=538"}],"curies":[{"name":"wp","href":"https:\/\/api.w.org\/{rel}","templated":true}]}}