{"id":174,"date":"2023-11-03T09:26:55","date_gmt":"2023-11-03T08:26:55","guid":{"rendered":"https:\/\/on-the-spot.nl\/schoolaanwezigheid2025\/?page_id=174"},"modified":"2026-01-19T13:15:00","modified_gmt":"2026-01-19T12:15:00","slug":"26-september","status":"publish","type":"page","link":"https:\/\/on-the-spot.nl\/schoolaanwezigheid2025\/26-september\/","title":{"rendered":"26 september"},"content":{"rendered":"\t\t<div data-elementor-type=\"wp-page\" data-elementor-id=\"174\" class=\"elementor elementor-174\" data-elementor-post-type=\"page\">\n\t\t\t\t<div class=\"elementor-element elementor-element-2e59c9b e-flex e-con-boxed e-con e-parent\" data-id=\"2e59c9b\" data-element_type=\"container\" data-e-type=\"container\" data-settings=\"{&quot;background_background&quot;:&quot;classic&quot;}\">\n\t\t\t\t\t<div class=\"e-con-inner\">\n\t\t<div class=\"elementor-element elementor-element-c453d04 e-con-full e-flex e-con e-child\" data-id=\"c453d04\" data-element_type=\"container\" data-e-type=\"container\" data-settings=\"{&quot;background_background&quot;:&quot;classic&quot;}\">\n\t\t\t\t<div class=\"elementor-element elementor-element-a2c7269 elementor-widget elementor-widget-image\" data-id=\"a2c7269\" data-element_type=\"widget\" data-e-type=\"widget\" data-widget_type=\"image.default\">\n\t\t\t\t\t\t\t\t\t\t\t\t\t\t\t<img fetchpriority=\"high\" decoding=\"async\" width=\"1000\" height=\"500\" src=\"https:\/\/on-the-spot.nl\/schoolaanwezigheid2025\/wp-content\/uploads\/2025\/10\/banner25sept.jpg\" class=\"attachment-large size-large wp-image-3813\" alt=\"\" srcset=\"https:\/\/on-the-spot.nl\/schoolaanwezigheid2025\/wp-content\/uploads\/2025\/10\/banner25sept.jpg 1000w, https:\/\/on-the-spot.nl\/schoolaanwezigheid2025\/wp-content\/uploads\/2025\/10\/banner25sept-768x384.jpg 768w\" sizes=\"(max-width: 1000px) 100vw, 1000px\" \/>\t\t\t\t\t\t\t\t\t\t\t\t\t\t\t<\/div>\n\t\t\t\t<\/div>\n\t\t\t\t\t<\/div>\n\t\t\t\t<\/div>\n\t\t<div class=\"elementor-element elementor-element-8edd1d9 e-flex e-con-boxed e-con e-parent\" data-id=\"8edd1d9\" data-element_type=\"container\" data-e-type=\"container\" data-settings=\"{&quot;background_background&quot;:&quot;classic&quot;}\">\n\t\t\t\t\t<div class=\"e-con-inner\">\n\t\t<div class=\"elementor-element elementor-element-bb5d7f8 e-con-full e-flex e-con e-child\" data-id=\"bb5d7f8\" data-element_type=\"container\" data-e-type=\"container\" data-settings=\"{&quot;background_background&quot;:&quot;classic&quot;}\">\n\t\t\t\t<div class=\"elementor-element elementor-element-c59e7fe elementor-widget__width-inherit elementor-widget elementor-widget-heading\" data-id=\"c59e7fe\" data-element_type=\"widget\" data-e-type=\"widget\" data-widget_type=\"heading.default\">\n\t\t\t\t\t<h1 class=\"elementor-heading-title elementor-size-default\">26 september<\/h1>\t\t\t\t<\/div>\n\t\t\t\t<div class=\"elementor-element elementor-element-12bbbad elementor-widget__width-inherit elementor-widget elementor-widget-text-editor\" data-id=\"12bbbad\" data-element_type=\"widget\" data-e-type=\"widget\" data-widget_type=\"text-editor.default\">\n\t\t\t\t\t\t\t\t\t<h3>Lees hier de verslagen van de keynotes en enkele workshops van de tweede congresdag.<\/h3>\t\t\t\t\t\t\t\t<\/div>\n\t\t\t\t<div class=\"elementor-element elementor-element-8245b0a elementor-widget__width-inherit elementor-widget elementor-widget-text-editor\" data-id=\"8245b0a\" data-element_type=\"widget\" data-e-type=\"widget\" data-widget_type=\"text-editor.default\">\n\t\t\t\t\t\t\t\t\t<h3>Keynote \/ Parallelsessie:<\/h3>\t\t\t\t\t\t\t\t<\/div>\n\t\t\t\t<div class=\"elementor-element elementor-element-7ae6e66 elementor-widget__width-auto elementor-widget elementor-widget-button\" data-id=\"7ae6e66\" data-element_type=\"widget\" data-e-type=\"widget\" data-widget_type=\"button.default\">\n\t\t\t\t\t\t\t\t\t\t<a class=\"elementor-button elementor-button-link elementor-size-sm elementor-animation-grow\" href=\"#malin\">\n\t\t\t\t\t\t<span class=\"elementor-button-content-wrapper\">\n\t\t\t\t\t\t<span class=\"elementor-button-icon\">\n\t\t\t\t<i aria-hidden=\"true\" class=\"fas fa-arrow-down\"><\/i>\t\t\t<\/span>\n\t\t\t\t\t\t\t\t\t<span class=\"elementor-button-text\">Malin Gran Landall<\/span>\n\t\t\t\t\t<\/span>\n\t\t\t\t\t<\/a>\n\t\t\t\t\t\t\t\t<\/div>\n\t\t\t\t<div class=\"elementor-element elementor-element-ce8fe4b elementor-widget__width-auto elementor-widget elementor-widget-button\" data-id=\"ce8fe4b\" data-element_type=\"widget\" data-e-type=\"widget\" data-widget_type=\"button.default\">\n\t\t\t\t\t\t\t\t\t\t<a class=\"elementor-button elementor-button-link elementor-size-sm elementor-animation-grow\" href=\"#joshua\">\n\t\t\t\t\t\t<span class=\"elementor-button-content-wrapper\">\n\t\t\t\t\t\t<span class=\"elementor-button-icon\">\n\t\t\t\t<i aria-hidden=\"true\" class=\"fas fa-arrow-down\"><\/i>\t\t\t<\/span>\n\t\t\t\t\t\t\t\t\t<span class=\"elementor-button-text\">Joshua Childs<\/span>\n\t\t\t\t\t<\/span>\n\t\t\t\t\t<\/a>\n\t\t\t\t\t\t\t\t<\/div>\n\t\t\t\t<div class=\"elementor-element elementor-element-0d6206c elementor-widget__width-auto elementor-widget elementor-widget-button\" data-id=\"0d6206c\" data-element_type=\"widget\" data-e-type=\"widget\" data-widget_type=\"button.default\">\n\t\t\t\t\t\t\t\t\t\t<a class=\"elementor-button elementor-button-link elementor-size-sm elementor-animation-grow\" href=\"#luc\">\n\t\t\t\t\t\t<span class=\"elementor-button-content-wrapper\">\n\t\t\t\t\t\t<span class=\"elementor-button-icon\">\n\t\t\t\t<i aria-hidden=\"true\" class=\"fas fa-arrow-down\"><\/i>\t\t\t<\/span>\n\t\t\t\t\t\t\t\t\t<span class=\"elementor-button-text\">Luc Stevens<\/span>\n\t\t\t\t\t<\/span>\n\t\t\t\t\t<\/a>\n\t\t\t\t\t\t\t\t<\/div>\n\t\t\t\t<div class=\"elementor-element elementor-element-dc1399f elementor-widget__width-auto elementor-widget elementor-widget-button\" data-id=\"dc1399f\" data-element_type=\"widget\" data-e-type=\"widget\" data-widget_type=\"button.default\">\n\t\t\t\t\t\t\t\t\t\t<a class=\"elementor-button elementor-button-link elementor-size-sm elementor-animation-grow\" href=\"#orhan\">\n\t\t\t\t\t\t<span class=\"elementor-button-content-wrapper\">\n\t\t\t\t\t\t<span class=\"elementor-button-icon\">\n\t\t\t\t<i aria-hidden=\"true\" class=\"fas fa-arrow-down\"><\/i>\t\t\t<\/span>\n\t\t\t\t\t\t\t\t\t<span class=\"elementor-button-text\">Orhan Agirdag<\/span>\n\t\t\t\t\t<\/span>\n\t\t\t\t\t<\/a>\n\t\t\t\t\t\t\t\t<\/div>\n\t\t\t\t<div class=\"elementor-element elementor-element-a4ce482 elementor-widget__width-inherit elementor-widget elementor-widget-text-editor\" data-id=\"a4ce482\" data-element_type=\"widget\" data-e-type=\"widget\" data-widget_type=\"text-editor.default\">\n\t\t\t\t\t\t\t\t\t<h3>Sessies:<\/h3>\t\t\t\t\t\t\t\t<\/div>\n\t\t\t\t<div class=\"elementor-element elementor-element-971ad09 elementor-widget__width-auto elementor-widget elementor-widget-button\" data-id=\"971ad09\" data-element_type=\"widget\" data-e-type=\"widget\" data-widget_type=\"button.default\">\n\t\t\t\t\t\t\t\t\t\t<a class=\"elementor-button elementor-button-link elementor-size-sm elementor-animation-grow\" href=\"#constructieve-communicatie\">\n\t\t\t\t\t\t<span class=\"elementor-button-content-wrapper\">\n\t\t\t\t\t\t<span class=\"elementor-button-icon\">\n\t\t\t\t<i aria-hidden=\"true\" class=\"fas fa-arrow-down\"><\/i>\t\t\t<\/span>\n\t\t\t\t\t\t\t\t\t<span class=\"elementor-button-text\">Constructieve communicatie met ouders en jongeren over het versterken van aanwezigheid op school<\/span>\n\t\t\t\t\t<\/span>\n\t\t\t\t\t<\/a>\n\t\t\t\t\t\t\t\t<\/div>\n\t\t\t\t<div class=\"elementor-element elementor-element-8dc5057 elementor-widget__width-auto elementor-widget elementor-widget-button\" data-id=\"8dc5057\" data-element_type=\"widget\" data-e-type=\"widget\" data-widget_type=\"button.default\">\n\t\t\t\t\t\t\t\t\t\t<a class=\"elementor-button elementor-button-link elementor-size-sm elementor-animation-grow\" href=\"#implementatie-disseminatie\">\n\t\t\t\t\t\t<span class=\"elementor-button-content-wrapper\">\n\t\t\t\t\t\t<span class=\"elementor-button-icon\">\n\t\t\t\t<i aria-hidden=\"true\" class=\"fas fa-arrow-down\"><\/i>\t\t\t<\/span>\n\t\t\t\t\t\t\t\t\t<span class=\"elementor-button-text\">Implementatie en disseminatie<\/span>\n\t\t\t\t\t<\/span>\n\t\t\t\t\t<\/a>\n\t\t\t\t\t\t\t\t<\/div>\n\t\t\t\t<div class=\"elementor-element elementor-element-b660055 elementor-widget__width-auto elementor-widget elementor-widget-button\" data-id=\"b660055\" data-element_type=\"widget\" data-e-type=\"widget\" data-widget_type=\"button.default\">\n\t\t\t\t\t\t\t\t\t\t<a class=\"elementor-button elementor-button-link elementor-size-sm elementor-animation-grow\" href=\"#wat-kunnen-we-leren\">\n\t\t\t\t\t\t<span class=\"elementor-button-content-wrapper\">\n\t\t\t\t\t\t<span class=\"elementor-button-icon\">\n\t\t\t\t<i aria-hidden=\"true\" class=\"fas fa-arrow-down\"><\/i>\t\t\t<\/span>\n\t\t\t\t\t\t\t\t\t<span class=\"elementor-button-text\">Wat kunnen we leren van de totstandkoming van wetgeving over aanwezigheid in andere landen?<\/span>\n\t\t\t\t\t<\/span>\n\t\t\t\t\t<\/a>\n\t\t\t\t\t\t\t\t<\/div>\n\t\t\t\t<\/div>\n\t\t\t\t\t<\/div>\n\t\t\t\t<\/div>\n\t\t<div class=\"elementor-element elementor-element-43e37ab e-flex e-con-boxed e-con e-parent\" data-id=\"43e37ab\" data-element_type=\"container\" data-e-type=\"container\" id=\"malin\" data-settings=\"{&quot;background_background&quot;:&quot;classic&quot;}\">\n\t\t\t\t\t<div class=\"e-con-inner\">\n\t\t<div class=\"elementor-element elementor-element-b9c395f e-con-full e-flex e-con e-child\" data-id=\"b9c395f\" data-element_type=\"container\" data-e-type=\"container\" data-settings=\"{&quot;background_background&quot;:&quot;classic&quot;}\">\n\t\t<div class=\"elementor-element elementor-element-7f40730 e-con-full e-flex e-con e-child\" data-id=\"7f40730\" data-element_type=\"container\" data-e-type=\"container\" data-settings=\"{&quot;background_background&quot;:&quot;classic&quot;}\">\n\t\t\t\t<div class=\"elementor-element elementor-element-1f7aafb elementor-widget__width-auto elementor-widget elementor-widget-heading\" data-id=\"1f7aafb\" data-element_type=\"widget\" data-e-type=\"widget\" data-widget_type=\"heading.default\">\n\t\t\t\t\t<div class=\"elementor-heading-title elementor-size-default\">KEYNOTE<\/div>\t\t\t\t<\/div>\n\t\t\t\t<\/div>\n\t\t<div class=\"elementor-element elementor-element-08bf1ad e-con-full e-flex e-con e-child\" data-id=\"08bf1ad\" data-element_type=\"container\" data-e-type=\"container\" data-settings=\"{&quot;background_background&quot;:&quot;classic&quot;}\">\n\t\t\t\t<div class=\"elementor-element elementor-element-8fc7613 elementor-widget__width-auto elementor-widget elementor-widget-heading\" data-id=\"8fc7613\" data-element_type=\"widget\" data-e-type=\"widget\" data-widget_type=\"heading.default\">\n\t\t\t\t\t<div class=\"elementor-heading-title elementor-size-default\">Malin Gran Landall | psycholoog en specialist school&shy;aanwezig&shy;heid Zweden<\/div>\t\t\t\t<\/div>\n\t\t\t\t<\/div>\n\t\t\t\t<div class=\"elementor-element elementor-element-9731222 elementor-widget elementor-widget-heading\" data-id=\"9731222\" data-element_type=\"widget\" data-e-type=\"widget\" data-widget_type=\"heading.default\">\n\t\t\t\t\t<h2 class=\"elementor-heading-title elementor-size-default\">\u2018Verzamel niet alleen, maar doe ook wat met data\u2019<\/h2>\t\t\t\t<\/div>\n\t\t\t\t<div class=\"elementor-element elementor-element-a4737d7 elementor-widget elementor-widget-text-editor\" data-id=\"a4737d7\" data-element_type=\"widget\" data-e-type=\"widget\" data-widget_type=\"text-editor.default\">\n\t\t\t\t\t\t\t\t\t<h3>Goede data, een breed scala aan data en goed gebruik van data. Daarom draait het als je vat wilt krijgen op school\u00adafwezig\u00adheid &#8211; van het niveau van de klas tot inter\u00adnationaal. De Zweedse specialist school\u00adaanwezig\u00adheid Malin Gran Landall zet een strategie tot 2030 uit voor data\u00adgebruik om inzicht te krijgen in de context van school\u00adafwezig\u00adheid. Dat helpt bij een werkende aanpak.<\/h3>\t\t\t\t\t\t\t\t<\/div>\n\t\t\t\t<div class=\"elementor-element elementor-element-8c7e357 dw-linken elementor-widget elementor-widget-text-editor\" data-id=\"8c7e357\" data-element_type=\"widget\" data-e-type=\"widget\" data-widget_type=\"text-editor.default\">\n\t\t\t\t\t\t\t\t\t<p><img decoding=\"async\" class=\"fotokeynote alignright wp-image-3944 size-full\" src=\"https:\/\/on-the-spot.nl\/schoolaanwezigheid2025\/wp-content\/uploads\/2025\/10\/keynote-Malin.jpg\" alt=\"\" width=\"560\" height=\"683\" \/>\u201cOm school\u00adaanwezig\u00adheid te bevorderen, moeten we een gezamen\u00adlijke definitie hebben, de omvang van het probleem in kaart hebben en over kennis van het probleem beschikken\u201d, zegt Malin. \u201cHet probleem van kinderen die uitvallen uit het onderwijs neemt toe. Ik hoor directeuren vragen: \u2018Hoe kan ik met z\u00f3veel kinderen aan de slag?\u2019\u201d<\/p><p>Het begint met data. Mis je kinderen? Is er sprake van een eenmalige afwezigheid of is er een langere trend? Malin: \u201cMet data zien we de risico\u2019s en de beschermende factoren. Dat helpt verbetering te bereiken, te weten wat nodig is en welke interventies resultaat zullen hebben.\u201d<br \/>Met de inzichten uit die data kun je een kind helpen en diens ouders of verzorgers. Je kunt een structuur van data opbouwen van inter\u00adnationaal tot op klasniveau. Ga niet slechts data verzamelen, waarschuwt Malin, doe er op een zinvolle manier wat mee. \u201cAnalyseer en deel ze.\u201d<\/p><h4>Actuele en actieve data<\/h4><p>Goudmijnen voor gegevens zijn die van PISA en TALIS. Kant\u00adtekening: die gaan alleen over 15-jarigen, worden weliswaar zelden geanalyseerd maar niet voor school\u00adaanwezig\u00adheid. Malin: \u201cEigenlijk moet er een PISA 2.0 komen.\u201d<\/p><p>Data van TIMSS of PIRLS vertellen of school ertoe doet voor de leerling. Deze gegevens kunnen helpen bij preventie van school\u00adafwezig\u00adheid. In de \u2018<em>School bases health survey<\/em>\u2019 van de WHO staat informatie over gezondheid en welzijn van jongeren; dat laat zien dat schoolaan\u00adwezig\u00adheid niet een kwestie van school alleen is.<\/p><p>\u201cWe hebben meer doorlopend actuele en actieve gegevens nodig, zodat je meteen ziet wat er gebeurt in plaats van achteraf.\u201d<\/p><p>Malin benadrukt dat scholen gestimuleerd moeten worden om data te verzamelen \u00e9n er wat mee te doen en te integreren in de systemen van school. \u201cZorg ervoor dat je er het schoolleven voor leerlingen mee verbetert en ze niet alleen verzamelt.\u201d<\/p><p>Data zijn het startpunt maar niet het eindpunt. Je moet ze kunnen duiden en de situatie breder bekijken. \u201cStaar er niet te blind op als de school\u00adaanwezig\u00adheid op jouw school lager is dan het gemiddelde. Relateer ze aan je eigen data. En bedenk dat andere scholen weer andere problemen hebben.\u201d<\/p>\t\t\t\t\t\t\t\t<\/div>\n\t\t\t\t<div class=\"elementor-element elementor-element-c969df3 elementor-widget elementor-widget-image\" data-id=\"c969df3\" data-element_type=\"widget\" data-e-type=\"widget\" data-widget_type=\"image.default\">\n\t\t\t\t\t\t\t\t\t\t\t\t\t\t\t<img decoding=\"async\" width=\"762\" height=\"405\" src=\"https:\/\/on-the-spot.nl\/schoolaanwezigheid2025\/wp-content\/uploads\/2025\/10\/Malin.jpg\" class=\"attachment-large size-large wp-image-4372\" alt=\"\" \/>\t\t\t\t\t\t\t\t\t\t\t\t\t\t\t<\/div>\n\t\t\t\t<div class=\"elementor-element elementor-element-553867e dw-linken elementor-widget elementor-widget-text-editor\" data-id=\"553867e\" data-element_type=\"widget\" data-e-type=\"widget\" data-widget_type=\"text-editor.default\">\n\t\t\t\t\t\t\t\t\t<h4>Schema van factoren<\/h4><p>Vanuit de analyse van data kan een plan opgesteld worden. Richt die niet alleen op het individu maar focus ook op groeps\u00adniveau, adviseert Malin. \u201cZorg ervoor dat de leraar zich niet bekritiseerd voelt, maar vanuit de data geholpen wordt.\u201d En maak een schema van de risico\u2019s, de helpende factoren en de preventieve factoren per laag (leerling, klas, school). School\u00addata kunnen bestaan uit gegevens over school\u00adprestaties, afwezig\u00adheid, maar ook uit dagelijkse gesprekken en observaties.<\/p><p>Richting leerlingen gebruik je de data niet op een manier dat ze het gevoel hebben dat ze worden gecontroleerd, maar stel je de vraag: \u2018Hoe kunnen we je helpen?\u2019 Dan voelen ze zich gezien.<\/p><p>Richting ouders deel je niet alleen de gegevens, maar vertel je ook waar ze hulp kunnen krijgen. En politici en beleids\u00admakers moeten gewaarschuwd worden dat ze de data niet verkeerd uitleggen.<\/p><p>Om data goed te kunnen duiden, kun je ook naar sociaal\u00adeconomische data kijken. Maar \u00f3\u00f3k klimaat\u00adverandering, lucht\u00adverontreini\u00adging, het klimaat op school, afstanden die ouders naar hun werk moeten afleggen, een pandemie, oorlog en migratie, en de invloed van een onzekere wereld op jongeren. \u201cHiernaar zijn meer studies nodig.\u201d<\/p>\t\t\t\t\t\t\t\t<\/div>\n\t\t\t\t<\/div>\n\t\t\t\t\t<\/div>\n\t\t\t\t<\/div>\n\t\t<div class=\"elementor-element elementor-element-c910fb4 e-flex e-con-boxed e-con e-parent\" data-id=\"c910fb4\" data-element_type=\"container\" data-e-type=\"container\" id=\"joshua\" data-settings=\"{&quot;background_background&quot;:&quot;classic&quot;}\">\n\t\t\t\t\t<div class=\"e-con-inner\">\n\t\t<div class=\"elementor-element elementor-element-845e556 e-con-full e-flex e-con e-child\" data-id=\"845e556\" data-element_type=\"container\" data-e-type=\"container\" data-settings=\"{&quot;background_background&quot;:&quot;classic&quot;}\">\n\t\t<div class=\"elementor-element elementor-element-cd767f0 e-con-full e-flex e-con e-child\" data-id=\"cd767f0\" data-element_type=\"container\" data-e-type=\"container\" data-settings=\"{&quot;background_background&quot;:&quot;classic&quot;}\">\n\t\t\t\t<div class=\"elementor-element elementor-element-e224995 elementor-widget__width-auto elementor-widget elementor-widget-heading\" data-id=\"e224995\" data-element_type=\"widget\" data-e-type=\"widget\" data-widget_type=\"heading.default\">\n\t\t\t\t\t<div class=\"elementor-heading-title elementor-size-default\">KEYNOTE<\/div>\t\t\t\t<\/div>\n\t\t\t\t<\/div>\n\t\t<div class=\"elementor-element elementor-element-b3a6733 e-con-full e-flex e-con e-child\" data-id=\"b3a6733\" data-element_type=\"container\" data-e-type=\"container\" data-settings=\"{&quot;background_background&quot;:&quot;classic&quot;}\">\n\t\t\t\t<div class=\"elementor-element elementor-element-dc22791 elementor-widget__width-auto elementor-widget elementor-widget-heading\" data-id=\"dc22791\" data-element_type=\"widget\" data-e-type=\"widget\" data-widget_type=\"heading.default\">\n\t\t\t\t\t<div class=\"elementor-heading-title elementor-size-default\">Joshua Childs | docent onderwijs&shy;kundig leiderschap<\/div>\t\t\t\t<\/div>\n\t\t\t\t<\/div>\n\t\t\t\t<div class=\"elementor-element elementor-element-518b3e7 elementor-widget elementor-widget-heading\" data-id=\"518b3e7\" data-element_type=\"widget\" data-e-type=\"widget\" data-widget_type=\"heading.default\">\n\t\t\t\t\t<h2 class=\"elementor-heading-title elementor-size-default\">\u2018Context buiten school is van grote invloed\u2019<\/h2>\t\t\t\t<\/div>\n\t\t\t\t<div class=\"elementor-element elementor-element-575737b elementor-widget elementor-widget-text-editor\" data-id=\"575737b\" data-element_type=\"widget\" data-e-type=\"widget\" data-widget_type=\"text-editor.default\">\n\t\t\t\t\t\t\t\t\t<h3>Of een kind betrokken is bij school is bepalend voor zijn of haar toekomst in brede zin. Niet alleen in carri\u00e8re. Dat betoogt professor Joshua Childs van de Universiteit van Texas. \u2018Wie goed doet, goed ontmoet.\u2019 De tijd is rijp voor effectieve maatregelen: beleids\u00admakers hebben er nu aandacht voor.<\/h3>\t\t\t\t\t\t\t\t<\/div>\n\t\t\t\t<div class=\"elementor-element elementor-element-be35f57 dw-linken elementor-widget elementor-widget-text-editor\" data-id=\"be35f57\" data-element_type=\"widget\" data-e-type=\"widget\" data-widget_type=\"text-editor.default\">\n\t\t\t\t\t\t\t\t\t<p><img loading=\"lazy\" decoding=\"async\" class=\"fotokeynote alignright wp-image-3940 size-full\" src=\"https:\/\/on-the-spot.nl\/schoolaanwezigheid2025\/wp-content\/uploads\/2025\/10\/keynote-Joshua.jpg\" alt=\"\" width=\"560\" height=\"683\" \/>Sinds corona is de situatie rond het onderwerp school\u00adaanwezig\u00adheid veranderd. Data zijn verbeterd. Vanuit de overheid is er meer aandacht voor het onderwerp. En er zijn nieuwe maat\u00adregelen om het tegen te gaan.<\/p><p>\u2018Er gaan vijf mythen rond over schoolaanwezigheid\u2019, stelt Joshua. Dat de zorg nieuw zou zijn bijvoorbeeld. Begin negentiende eeuw sprak Horace Mann al zijn bezorgd\u00adheid uit over de kinderen die in de klas missen. Joshua: \u201cVan 1918\/1919 zijn maatregelen in de staat Connecticut bekend, vanuit economisch belang: vier dagen niet op school, dan word je geschorst.\u201d Al vroeg waren er controleurs.<\/p><p>Tweede mythe: \u2018meten van afwezigheid lijkt een eenduidige kwestie, zoals: is een kind afwezig met instemming van ouders\/verzorgers? En met instemming van school? Wanneer vindt ze plaats?&#8217; Mythe drie: \u2018alle kinderen slaan wel eens les over\u2019. Maar wie al vroeg verzuimt, doet dat later ook. Mythe vier: \u2018scholen kunnen kunnen het verzuim zelf oplossen\u2019. Joshua: \u201cNee. Veel factoren spelen mee achter afwezigheid &#8211; van het op tijd rijden van vervoer tot de werk\u00adsituatie van de ouders en gezondheid en welzijn van het kind.\u201d Mythe vijf: \u2018ouders\/verzorgers weten dat afwezigheid niet goed is\u2019. Dat weerspreekt Joshua: \u201cZe onder\u00adschatten vaak hoe vaak het kind afwezig is en wat de gevolgen op lange termijn zijn, voor niet alleen opleiding en werk.\u201d<\/p><h4>\u2018Context matters\u2019<\/h4><p>\u201cWe moeten naar schoolaan\u00adwezig\u00adheid kijken als naar andere grote problemen, zoals klimaat\u00adverandering of een pandemie\u201d, betoogt Joshua: het is complex en het gaat iedereen aan. \u201cContext matters.\u201d Met context bedoelt Joshua onder andere het vervoer van kinderen, hun welzijn en gezondheid, hun gezinnen en verzorgers (\u00f3\u00f3k buren, vrienden enzovoorts), de logistiek rond het kind en de invloed van crises die tot ver nadat de crisis over is structuren en patronen rond het kind overhoophalen. En een kind beweegt zich in verschillende leef\u00adwerelden, zowel fysiek als online; het gezin, een vrienden\u00adgroep, uitgaan, school, vereniging, een game.<\/p>\t\t\t\t\t\t\t\t<\/div>\n\t\t\t\t<div class=\"elementor-element elementor-element-3ce2f0d elementor-widget elementor-widget-image\" data-id=\"3ce2f0d\" data-element_type=\"widget\" data-e-type=\"widget\" data-widget_type=\"image.default\">\n\t\t\t\t\t\t\t\t\t\t\t\t\t\t\t<img loading=\"lazy\" decoding=\"async\" width=\"1024\" height=\"557\" src=\"https:\/\/on-the-spot.nl\/schoolaanwezigheid2025\/wp-content\/uploads\/2025\/10\/joshua.jpg\" class=\"attachment-large size-large wp-image-4331\" alt=\"\" srcset=\"https:\/\/on-the-spot.nl\/schoolaanwezigheid2025\/wp-content\/uploads\/2025\/10\/joshua.jpg 1024w, https:\/\/on-the-spot.nl\/schoolaanwezigheid2025\/wp-content\/uploads\/2025\/10\/joshua-768x418.jpg 768w\" sizes=\"(max-width: 1024px) 100vw, 1024px\" \/>\t\t\t\t\t\t\t\t\t\t\t\t\t\t\t<\/div>\n\t\t\t\t<div class=\"elementor-element elementor-element-ca7f81d dw-linken elementor-widget elementor-widget-text-editor\" data-id=\"ca7f81d\" data-element_type=\"widget\" data-e-type=\"widget\" data-widget_type=\"text-editor.default\">\n\t\t\t\t\t\t\t\t\t<h4>Uitgangspunten en vragen<\/h4><p>Om tot een aanpak van school\u00adafwezig\u00adheid te komen, moeten wetenschap en beleids\u00admakers samenwerken. Voor een aanpak zijn drie aannames uitgangspunt. Dat de school een robuust systeem van aanwezig\u00adheid nodig heeft, dat onderzoekers werkende maatregelen en interventies ontwikkelen en dat politici en beleids\u00admakers invloed kunnen hebben op school\u00adaanwezig\u00adheid.<\/p><p>Om de juiste maatregelen te kiezen, moet je invloed van school\u00adaanwezig\u00adheid op school\u00adsucces van leerlingen weten, welke doelen voor de school realistisch zijn, of er per school\u00adniveau andere maat\u00adregelen nodig zijn, welke maatregelen effectief zijn en welke niet, welke onder\u00adbouwing daarvoor bestaat, en tot slot welke goede voorbeelden en lessen er zijn?<\/p><h4>School als sociale plek<\/h4><p>Joshua roept op niet van systemen uit te gaan, maar oog te hebben voor individuele situaties. \u201cVoor bepaalde jongeren werken rigide en irre\u00eble school\u00addoelen eerder als straf dan als stimulans\u201d, stelt Joshua. Het is de vraag of beleids\u00admakers zich moeten richten op het aantal dagen van afwezig\u00adheid of op het aantal dagen van aanwezig\u00adheid. \u201cAls we ons op de vijf procent rokers richten, denken we ook dat honderd procent rookt. Terwijl de meesten niet roken.\u201d<br \/>Andere les is dat een school geen \u2018silo\u2019 is waar alleen kennis wordt overgebracht. Er gebeurt veel meer. Het is ook een sociale plek, een plek van ontwikkeling. Laat je school\u00adaanwezig\u00adheid dan als d\u00e9 norm gelden? Joshua roept op om verder te kijken naar de context waarin een jongere niet naar school gaat in plaats van blind te staren op cijfers.<\/p>\t\t\t\t\t\t\t\t<\/div>\n\t\t\t\t<\/div>\n\t\t\t\t\t<\/div>\n\t\t\t\t<\/div>\n\t\t<div class=\"elementor-element elementor-element-e6d032c e-flex e-con-boxed e-con e-parent\" data-id=\"e6d032c\" data-element_type=\"container\" data-e-type=\"container\" id=\"luc\" data-settings=\"{&quot;background_background&quot;:&quot;classic&quot;}\">\n\t\t\t\t\t<div class=\"e-con-inner\">\n\t\t<div class=\"elementor-element elementor-element-ea75291 e-con-full e-flex e-con e-child\" data-id=\"ea75291\" data-element_type=\"container\" data-e-type=\"container\" data-settings=\"{&quot;background_background&quot;:&quot;classic&quot;}\">\n\t\t<div class=\"elementor-element elementor-element-e62669d e-con-full e-flex e-con e-child\" data-id=\"e62669d\" data-element_type=\"container\" data-e-type=\"container\" data-settings=\"{&quot;background_background&quot;:&quot;classic&quot;}\">\n\t\t\t\t<div class=\"elementor-element elementor-element-a21f155 elementor-widget__width-auto elementor-widget elementor-widget-heading\" data-id=\"a21f155\" data-element_type=\"widget\" data-e-type=\"widget\" data-widget_type=\"heading.default\">\n\t\t\t\t\t<div class=\"elementor-heading-title elementor-size-default\">PARALLELSESSIE<\/div>\t\t\t\t<\/div>\n\t\t\t\t<\/div>\n\t\t<div class=\"elementor-element elementor-element-0e68b49 e-con-full e-flex e-con e-child\" data-id=\"0e68b49\" data-element_type=\"container\" data-e-type=\"container\" data-settings=\"{&quot;background_background&quot;:&quot;classic&quot;}\">\n\t\t\t\t<div class=\"elementor-element elementor-element-c6be64d elementor-widget__width-auto elementor-widget elementor-widget-heading\" data-id=\"c6be64d\" data-element_type=\"widget\" data-e-type=\"widget\" data-widget_type=\"heading.default\">\n\t\t\t\t\t<div class=\"elementor-heading-title elementor-size-default\">Luc Stevens | orthopedagoog, oprichter NIVOZ<\/div>\t\t\t\t<\/div>\n\t\t\t\t<\/div>\n\t\t\t\t<div class=\"elementor-element elementor-element-76af877 elementor-widget elementor-widget-heading\" data-id=\"76af877\" data-element_type=\"widget\" data-e-type=\"widget\" data-widget_type=\"heading.default\">\n\t\t\t\t\t<h2 class=\"elementor-heading-title elementor-size-default\">De school als steunbron<\/h2>\t\t\t\t<\/div>\n\t\t\t\t<div class=\"elementor-element elementor-element-ba45841 elementor-widget elementor-widget-text-editor\" data-id=\"ba45841\" data-element_type=\"widget\" data-e-type=\"widget\" data-widget_type=\"text-editor.default\">\n\t\t\t\t\t\t\t\t\t<h3><strong>Je staat in de frontlinie. Niet voor cijfers of tabellen, maar voor kinderen van vlees en bloed. E\u00e9n veilige relatie, \u00e9\u00e9n moedige ingreep en een thuis\u00adzitter keert wellicht terug. D\u00e1\u00e1r begint volgens Luc Stevens echt onderwijs. Hij is emeritus hoogleraar en oprichter van NIVOZ. \u201cEerst de mens, dan de leerling.\u201d<\/strong><\/h3>\t\t\t\t\t\t\t\t<\/div>\n\t\t\t\t<div class=\"elementor-element elementor-element-0ca4158 dw-linken elementor-widget elementor-widget-text-editor\" data-id=\"0ca4158\" data-element_type=\"widget\" data-e-type=\"widget\" data-widget_type=\"text-editor.default\">\n\t\t\t\t\t\t\t\t\t<p><img loading=\"lazy\" decoding=\"async\" class=\"fotokeynote alignright wp-image-3946 size-full\" src=\"https:\/\/on-the-spot.nl\/schoolaanwezigheid2025\/wp-content\/uploads\/2025\/10\/keynote-Luc.jpg\" alt=\"\" width=\"560\" height=\"683\" \/>Ons onderwijs is selectief en meritocratisch: wie past, stroomt door; wie afwijkt, raakt sneller los. Uitval en thuiszitten zijn dus geen incidenten maar voorspel\u00adbare uitkomsten. Luc draait de vraag om: hoe maken we binnen datzelfde systeem een herberg\u00adzame plek waar juist deze leerlingen worden gezien, erkend en op onderzoek gaan? Daarvoor is een niet-schools ethos vereist: de pedago\u00adgische paragraaf die v\u00f3\u00f3r het curriculum gaat. Eerst mens tot mens, dan pas methode en toets.<\/p><h4>Drie voorwaarden<\/h4><p>Luc benoemt drie pedagogische voorwaarden.<\/p><ol><li><strong>Hechting<\/strong>: leerlingen zoeken geen vak, maar een mens. De leraar als persoon is de eerste beschermende factor; boosheid verbreekt contact, nabijheid opent het.<\/li><li><strong>Belonging<\/strong>: erbij horen is geen slogan maar cultuur \u2014 pas wie zich onderdeel v\u00f3elt, kan aanwezig z\u00edjn.<\/li><li><strong>Uitdaging<\/strong>: als het veilig is, moet het ergens over gaan. Niet te makkelijk, niet te moeilijk; differen\u00adti\u00ebren is geen luxe maar voorwaarde voor deelname.<\/li><\/ol><p>Zonder deze drie blijft elke methode leeg; m\u00e9t deze drie kan schaarse didactische \u2018hardware\u2019 tot leven komen.<\/p><p>Luc illustreert het met twee voorbeelden.<br \/>Allereerst in Amsterdam. Daar ziet docent Nederlands Naomi Lotte een brugklas vol eilandjes en \u00e9\u00e9n meisje op lichtgevende rolschoenen, dat steeds de pineut is. Ze legt het boek neer, bouwt het lokaal om en gebruikt een eenvoudige \u2018over-de-streep\u2019-oefening. Kwets\u00adbaarheid in de groep wordt zichtbaar, empathie komt los en de groep sluit het meisje in. Dit \u00eds pedago\u00adgische tact, concludeert hij: \u201cIntu\u00eftief, moedig en waarden-gedreven handelen, precies op het moment dat het ertoe doet. Geen protocol, wel profes\u00adsioneel kompas: van waarde naar actie.\u201d<\/p>\t\t\t\t\t\t\t\t<\/div>\n\t\t\t\t<div class=\"elementor-element elementor-element-925652a elementor-widget elementor-widget-image\" data-id=\"925652a\" data-element_type=\"widget\" data-e-type=\"widget\" data-widget_type=\"image.default\">\n\t\t\t\t\t\t\t\t\t\t\t\t\t\t\t<img loading=\"lazy\" decoding=\"async\" width=\"1024\" height=\"441\" src=\"https:\/\/on-the-spot.nl\/schoolaanwezigheid2025\/wp-content\/uploads\/2025\/10\/luc.jpg\" class=\"attachment-large size-large wp-image-4335\" alt=\"\" srcset=\"https:\/\/on-the-spot.nl\/schoolaanwezigheid2025\/wp-content\/uploads\/2025\/10\/luc.jpg 1024w, https:\/\/on-the-spot.nl\/schoolaanwezigheid2025\/wp-content\/uploads\/2025\/10\/luc-768x331.jpg 768w\" sizes=\"(max-width: 1024px) 100vw, 1024px\" \/>\t\t\t\t\t\t\t\t\t\t\t\t\t\t\t<\/div>\n\t\t\t\t<div class=\"elementor-element elementor-element-b4cbca3 dw-linken elementor-widget elementor-widget-text-editor\" data-id=\"b4cbca3\" data-element_type=\"widget\" data-e-type=\"widget\" data-widget_type=\"text-editor.default\">\n\t\t\t\t\t\t\t\t\t<h4>Het tweede verhaal komt uit de Harvard<\/h4><p>Educational Review: van Miss A, leraar in de eerste klas van een naoorlogse slumschool. Nauwelijks materialen, wel consistente winst: haar leerlingen lezen aan het eind van jaar 1; jaren later scoren ze hoger op \u2018adult status\u2019. Waarom? Stevens: \u201cOnwankel\u00adbare toewijding, genegen\u00adheid en het geloof dat ieder kind kan leren. Miss A is haar eigen instrument. Methodes worden pas effectief in de inter\u00adactie; onderwijs is geen stapel werkwijzen maar een relationele werkelijk\u00adheid.\u201d<\/p><h4>Relationele professie<\/h4><p>Luc plaatst dit in een bredere verschuiving: weg van het denken in tekorten naar denken in competenties. Een mens ontwikkelt zich niet op wat ontbreekt, maar op wat aanwezig is of in potentie ligt. Dat vraagt om het herstellen van zelfbewustzijn; \u2018ik kan iets doen waardoor dit lukt\u2019. Slacht\u00adoffer\u00adschap \u2014 hoe verklaar\u00adbaar ook \u2014 is geen leerstand. Luc: \u201cOnze opdracht is leerlingen benaderen als mede-makers van hun onderwijs: volledige partners in een asymmetrische relatie.\u201d<\/p><p>Onderwijs is een relationele professie, stelt hij verder. Nabijheid en betrokken\u00adheid blijken doorslaggevend. Als de relatie staat, wordt er gevraagd, geprobeerd, doorgezet. Ontbreekt ze, dan schiet alles vast, antipest\u00adprogramma of niet. Daarom is een gedeeld school\u00adethos onmisbaar: gezamenlijke waarden die je in handelen terugziet. Een cultuur van aanwezig\u00adheid waarin \u2018We hebben je gemist\u2019 oprecht klinkt en vanzelf\u00adsprekend wordt.<\/p><h4>Mensen maken scholen<\/h4><p>Wat vraagt dit morgen van ons? Luc wil niet kennis vermeerderen maar bemoedigen. \u201cBegin bij de juiste volgorde. Zie eerst het kind en pas daarna de leerling. Herstel de basis van gezien worden, erbij horen en betekenisvol uitgedaagd worden. Door de organisatie heen: wie kan met dit kind verbinden, vandaag nog? En meet groei niet primair naar gemiddelden, maar naar het kind zelf: ben je dichter bij jezelf kunnen komen?<\/p><p>\u201cScholen maken mensen\u201d, zei een oud-leermeester van Luc. Hij voegt daaraan toe: mensen scholen mensen. Thuis\u00adzitters en uitvallers zijn geen buiten\u00adstaanders van ons systeem; ze zijn de lakmoes voor onze pedagogische moed. Herberg\u00adzaamheid is geen zachte rand maar harde kern: hechting, erbij horen en uitdaging, telkens weer vertaald door de leraar die haar eigen instrument durft te zijn. Daar, in de eenvoudige maar dappere keuze om vandaag \u00e9\u00e9n kind opnieuw binnen te laten, kantelt het verhaal. \u201cEerst mens, dan leerling \u2014 en dan komt leren weer in beeld.\u201d<\/p>\t\t\t\t\t\t\t\t<\/div>\n\t\t\t\t<\/div>\n\t\t\t\t\t<\/div>\n\t\t\t\t<\/div>\n\t\t<div class=\"elementor-element elementor-element-52641d7 e-flex e-con-boxed e-con e-parent\" data-id=\"52641d7\" data-element_type=\"container\" data-e-type=\"container\" id=\"orhan\" data-settings=\"{&quot;background_background&quot;:&quot;classic&quot;}\">\n\t\t\t\t\t<div class=\"e-con-inner\">\n\t\t<div class=\"elementor-element elementor-element-97e8711 e-con-full e-flex e-con e-child\" data-id=\"97e8711\" data-element_type=\"container\" data-e-type=\"container\" data-settings=\"{&quot;background_background&quot;:&quot;classic&quot;}\">\n\t\t<div class=\"elementor-element elementor-element-081fef9 e-con-full e-flex e-con e-child\" data-id=\"081fef9\" data-element_type=\"container\" data-e-type=\"container\" data-settings=\"{&quot;background_background&quot;:&quot;classic&quot;}\">\n\t\t\t\t<div class=\"elementor-element elementor-element-a8e2f86 elementor-widget__width-auto elementor-widget elementor-widget-heading\" data-id=\"a8e2f86\" data-element_type=\"widget\" data-e-type=\"widget\" data-widget_type=\"heading.default\">\n\t\t\t\t\t<div class=\"elementor-heading-title elementor-size-default\">PARALLELSESSIE<\/div>\t\t\t\t<\/div>\n\t\t\t\t<\/div>\n\t\t<div class=\"elementor-element elementor-element-c57db8c e-con-full e-flex e-con e-child\" data-id=\"c57db8c\" data-element_type=\"container\" data-e-type=\"container\" data-settings=\"{&quot;background_background&quot;:&quot;classic&quot;}\">\n\t\t\t\t<div class=\"elementor-element elementor-element-8b7901c elementor-widget__width-auto elementor-widget elementor-widget-heading\" data-id=\"8b7901c\" data-element_type=\"widget\" data-e-type=\"widget\" data-widget_type=\"heading.default\">\n\t\t\t\t\t<div class=\"elementor-heading-title elementor-size-default\">Orhan Agirdag | pedagoog<\/div>\t\t\t\t<\/div>\n\t\t\t\t<\/div>\n\t\t\t\t<div class=\"elementor-element elementor-element-f4343f7 elementor-widget elementor-widget-heading\" data-id=\"f4343f7\" data-element_type=\"widget\" data-e-type=\"widget\" data-widget_type=\"heading.default\">\n\t\t\t\t\t<h2 class=\"elementor-heading-title elementor-size-default\">Inclusief onderwijs vanuit Diversi&shy;teit, Discipline en Digitali&shy;sering<\/h2>\t\t\t\t<\/div>\n\t\t\t\t<div class=\"elementor-element elementor-element-3f02588 elementor-widget elementor-widget-text-editor\" data-id=\"3f02588\" data-element_type=\"widget\" data-e-type=\"widget\" data-widget_type=\"text-editor.default\">\n\t\t\t\t\t\t\t\t\t<h3>Orhan Agirdag, hoogleraar aan de KU Leuven definieert drie actuele doelen die elk school&shy;team zal herkennen: diversiteit, discipline en digitalisering. Zijn boodschap is verrassend hoopvol: \u00e1ls we bewust met ze omgaan, kunnen ze juist een hefboom zijn voor m\u00e9\u00e9r kwaliteit. Hij pleit daarom voor een doordacht school&shy;beleid.<\/h3>\t\t\t\t\t\t\t\t<\/div>\n\t\t\t\t<div class=\"elementor-element elementor-element-0cabe98 dw-linken elementor-widget elementor-widget-text-editor\" data-id=\"0cabe98\" data-element_type=\"widget\" data-e-type=\"widget\" data-widget_type=\"text-editor.default\">\n\t\t\t\t\t\t\t\t\t<h4><img loading=\"lazy\" decoding=\"async\" class=\"fotokeynote alignright wp-image-3978 size-full\" src=\"https:\/\/on-the-spot.nl\/schoolaanwezigheid2025\/wp-content\/uploads\/2025\/10\/Orhan.jpg\" alt=\"\" width=\"560\" height=\"683\" \/>Diversiteit<\/h4><p>Onderzoek laat zien dat scholen met een diverse populatie niet automatisch lager presteren. Integendeel: er bestaan scholen in kansarme wijken die &#8211; wellicht tegen de verwachting in &#8211; uitzonder\u00adlijk goed scoren. Wat maakt het verschil?<\/p><p>De kern ligt in de verwachtingen van leraren. Onbewuste vooroor\u00addelen zorgen er vaak voor dat bepaalde groepen leerlingen minder kansen krijgen om zich te laten zien. Docenten onder\u00adbreken hen vaker, geven minder feedback en laten hen minder aan het woord. \u201cZo ontstaat een vicieuze cirkel van lage verwach\u00adtingen en lage prestaties\u201d, legt Orhan uit.<\/p><p>Daar tegenover staan scholen die bewust inzetten op hoge verwachtingen en inclusief onderwijs. Orhan: \u201cDaar zien we meer inter\u00adactie, meer ruimte voor fouten en betere feedback.\u201d Kleine didactische keuzes kunnen daarbij grote impact hebben. Zoals random <em>calling<\/em> met behulp van een digitale tool, zodat niet steeds dezelfde leerlingen het woord nemen. Maar ook <em>Golden Mistakes<\/em>: fouten vieren als leer\u00admomenten, zodat leerlingen durven proberen. En: <em>think-pair-share<\/em>, waarbij studenten eerst individueel nadenken, daarna overleggen, en pas dan plenair delen. Het effect? Meer betrokken\u00adheid, minder afleiding en meer vertrouwen. Zo wordt diversi\u00adteit een bron van kracht.<\/p><h4>Discipline<\/h4><p>Een tweede toenemend probleem is discipline en veiligheid. PISA-data laten zien dat in Nederlandse en Vlaamse klassen ordeproblemen hard\u00adnekkig zijn. Bijna de helft van de 15-jarigen zegt dat docenten vaak moeten wachten tot het stil is. Dat kost niet alleen lestijd, maar ondermijnt ook leer\u00adresultaten en vergroot het risico dat leraren afhaken.<\/p><p>Orhan benadrukt dat alleen streng straffen niet werkt. Evenmin helpt een laks klimaat waarin alles mag. Succes\u00advolle scholen hanteren een aanpak die hij \u2018warm streng\u2019 noemt: duidelijke gedrags\u00adregels \u00e9n een sfeer van zorg en verbonden\u00adheid. Een leerling die te laat komt, krijgt een sanctie, maar altijd met uitleg en erkenning. \u201cIk geef om je, daarom spreek ik je hierop aan.\u201d Het gaat om het onder\u00adscheid tussen gedrag en persoon: je bent welkom, maar dit gedrag moet veranderen.<\/p><p>Gedrag verdient dezelfde systematische aanpak als rekenen of taal, bepleit Orhan. Een school-breed gedragsplan, met heldere afspraken over respectvol taalgebruik, smartphone\u00adgebruik en punctuali\u00adteit, helpt leerlingen te begrijpen wat verwacht wordt. Cruciaal daarbij: leerlingen moeten zich rechtvaardig behandeld voelen. \u201cAlleen dan werkt discipline versterkend in plaats van vervreemdend.\u201d<\/p>\t\t\t\t\t\t\t\t<\/div>\n\t\t\t\t<div class=\"elementor-element elementor-element-5dc918b elementor-widget elementor-widget-image\" data-id=\"5dc918b\" data-element_type=\"widget\" data-e-type=\"widget\" data-widget_type=\"image.default\">\n\t\t\t\t\t\t\t\t\t\t\t\t\t\t\t<img loading=\"lazy\" decoding=\"async\" width=\"1024\" height=\"519\" src=\"https:\/\/on-the-spot.nl\/schoolaanwezigheid2025\/wp-content\/uploads\/2025\/10\/orhan.jpg\" class=\"attachment-large size-large wp-image-4337\" alt=\"\" srcset=\"https:\/\/on-the-spot.nl\/schoolaanwezigheid2025\/wp-content\/uploads\/2025\/10\/orhan.jpg 1024w, https:\/\/on-the-spot.nl\/schoolaanwezigheid2025\/wp-content\/uploads\/2025\/10\/orhan-768x389.jpg 768w\" sizes=\"(max-width: 1024px) 100vw, 1024px\" \/>\t\t\t\t\t\t\t\t\t\t\t\t\t\t\t<\/div>\n\t\t\t\t<div class=\"elementor-element elementor-element-ca32970 dw-linken elementor-widget elementor-widget-text-editor\" data-id=\"ca32970\" data-element_type=\"widget\" data-e-type=\"widget\" data-widget_type=\"text-editor.default\">\n\t\t\t\t\t\t\t\t\t<h4>Digitalisering<\/h4><p>Het derde vraagstuk is digitali\u00adsering. Waar technologie nieuwe mogelijk\u00adheden biedt, vergroot ze vaak ook ongelijk\u00adheid. Onderzoek toont dat jongeren uit kansarme gezinnen gemiddeld meer uren besteden aan passief scrollen, terwijl kansrijke jongeren digitale middelen vaker gebruiken voor school\u00adwerk of verdieping.<\/p><p>Toch kan technologie juist een gelijk\u00admaker zijn, mits bewust ingezet. Orhan kent concrete voorbeelden: \u201cNeem Microsoft Reading Progress. Leerlingen lezen hardop, de software analyseert uitspraak en tempo en genereert rapporten voor de docent. Dit maakt individuele feedback schaal\u00adbaar.\u201d Of wat te denken van Google Lens: ouders ontvangen school\u00adinformatie in hun eigen taal, zonder verlies van lay-out. Dit vergroot betrokken\u00adheid en vertrouwen. Denk ook aan Custom GPT\u2019s: digitale assistenten waarin een cursus of handboek is geladen, zodat studenten dag en nacht laag\u00addrempelig vragen kunnen stellen.<\/p><p>Belangrijk is wel dat scholen niet alleen inzetten op toegang tot hardware, maar ook op inclusief design en begeleiding, stelt Orhan. \u201cDigitale tools moeten aansluiten bij meertalig\u00adheid en verschillen in voorkennis. Anders herhalen ze bestaande ongelijk\u00adheden.\u201d<\/p><h4>Inclusie als rode draad<\/h4><p>Wat alle drie vraag\u00adstukken verbindt? De vraag of leerlingen zich thuis en gezien voelen. Dat geldt voor culturele identiteit, voor de omgang met regels \u00e9n voor digitale vaardig\u00adheden. Een treffend voorbeeld kwam uit een klas met anderstalige nieuwkomers. De docent liet een leerling die vastliep in het Nederlands over\u00adschakelen naar het Turks, waarna klasgenoten vertaalden. Het kind behield zijn zelfvertrouwen, de klas leerde mee en de verbinding met de thuistaal werd benut.<\/p><p>Onderzoek bevestigt dit: leerlingen die zich verbonden voelen met hun school en wier achtergrond erkend wordt, presteren beter. Meertalig\u00adheid, religie en culturele referenties mogen dus geen obstakel zijn, maar verdienen juist een plek in het curriculum en de klas\u00adpraktijk.<\/p><h4>Kansen<\/h4><p>Diversiteit, discipline en digitalisering lijken op het eerste gezicht vooral bronnen van zorg en complexi\u00adteit. Maar wie ze doordacht benadert, ziet dat ze juist de bouw\u00adstenen kunnen zijn voor sterker onderwijs.<\/p><p>Orhan doet een oproep: \u201cHet gaat niet om het vermijden van verschillen, maar om ze te benutten. Het gaat niet om straffen of loslaten, maar om warm streng te zijn. En het gaat niet om technologie op zich, maar om hoe we die inzetten om alle leerlingen vooruit te helpen.\u201d<\/p>\t\t\t\t\t\t\t\t<\/div>\n\t\t\t\t<\/div>\n\t\t\t\t\t<\/div>\n\t\t\t\t<\/div>\n\t\t<div class=\"elementor-element elementor-element-ee251f0 e-flex e-con-boxed e-con e-parent\" data-id=\"ee251f0\" data-element_type=\"container\" data-e-type=\"container\" data-settings=\"{&quot;background_background&quot;:&quot;classic&quot;}\">\n\t\t\t\t\t<div class=\"e-con-inner\">\n\t\t<div class=\"elementor-element elementor-element-c0d6eef e-con-full e-flex e-con e-child\" data-id=\"c0d6eef\" data-element_type=\"container\" data-e-type=\"container\" data-settings=\"{&quot;background_background&quot;:&quot;classic&quot;}\">\n\t\t<div class=\"elementor-element elementor-element-3554fa3 e-con-full e-flex e-con e-child\" data-id=\"3554fa3\" data-element_type=\"container\" data-e-type=\"container\" data-settings=\"{&quot;background_background&quot;:&quot;classic&quot;}\">\n\t\t\t\t<div class=\"elementor-element elementor-element-fb52ea1 elementor-widget__width-auto elementor-widget elementor-widget-heading\" data-id=\"fb52ea1\" data-element_type=\"widget\" data-e-type=\"widget\" data-widget_type=\"heading.default\">\n\t\t\t\t\t<div class=\"elementor-heading-title elementor-size-default\">SESSIES<\/div>\t\t\t\t<\/div>\n\t\t\t\t<\/div>\n\t\t\t\t<div class=\"elementor-element elementor-element-4a3ef70 elementor-pagination-position-outside elementor-widget elementor-widget-image-carousel\" data-id=\"4a3ef70\" data-element_type=\"widget\" data-e-type=\"widget\" data-settings=\"{&quot;slides_to_show&quot;:&quot;1&quot;,&quot;navigation&quot;:&quot;dots&quot;,&quot;autoplay&quot;:&quot;yes&quot;,&quot;pause_on_hover&quot;:&quot;yes&quot;,&quot;pause_on_interaction&quot;:&quot;yes&quot;,&quot;autoplay_speed&quot;:5000,&quot;infinite&quot;:&quot;yes&quot;,&quot;effect&quot;:&quot;slide&quot;,&quot;speed&quot;:500}\" data-widget_type=\"image-carousel.default\">\n\t\t\t\t\t\t\t<div class=\"elementor-image-carousel-wrapper swiper\" role=\"region\" aria-roledescription=\"carousel\" aria-label=\"Afbeelding carrousel\" dir=\"ltr\">\n\t\t\t<div class=\"elementor-image-carousel swiper-wrapper\" aria-live=\"off\">\n\t\t\t\t\t\t\t\t<div class=\"swiper-slide\" role=\"group\" aria-roledescription=\"slide\" aria-label=\"1 van 3\"><figure class=\"swiper-slide-inner\"><img decoding=\"async\" class=\"swiper-slide-image\" src=\"https:\/\/on-the-spot.nl\/schoolaanwezigheid2025\/wp-content\/uploads\/2025\/10\/sessiebeeld-2025-09-26-On-the-spot-Congres-NCS-078.jpg\" alt=\"sessiebeeld 2025-09-26 On the spot-Congres NCS - 078\" \/><\/figure><\/div><div class=\"swiper-slide\" role=\"group\" aria-roledescription=\"slide\" aria-label=\"2 van 3\"><figure class=\"swiper-slide-inner\"><img decoding=\"async\" class=\"swiper-slide-image\" src=\"https:\/\/on-the-spot.nl\/schoolaanwezigheid2025\/wp-content\/uploads\/2025\/10\/sessiebeeld-2025-09-25-On-the-spot-Congres-NCS-133.jpg\" alt=\"sessiebeeld 2025-09-25 On the spot-Congres NCS - 133\" \/><\/figure><\/div><div class=\"swiper-slide\" role=\"group\" aria-roledescription=\"slide\" aria-label=\"3 van 3\"><figure class=\"swiper-slide-inner\"><img decoding=\"async\" class=\"swiper-slide-image\" src=\"https:\/\/on-the-spot.nl\/schoolaanwezigheid2025\/wp-content\/uploads\/2025\/10\/sessiebeeld-2025-09-26-On-the-spot-Congres-NCS-121.jpg\" alt=\"sessiebeeld 2025-09-26 On the spot-Congres NCS - 121\" \/><\/figure><\/div>\t\t\t<\/div>\n\t\t\t\t\t\t\t\n\t\t\t\t\t\t\t\t\t<div class=\"swiper-pagination\"><\/div>\n\t\t\t\t\t\t\t\t\t<\/div>\n\t\t\t\t\t\t<\/div>\n\t\t\t\t<\/div>\n\t\t\t\t\t<\/div>\n\t\t\t\t<\/div>\n\t\t<div class=\"elementor-element elementor-element-532f527 e-flex e-con-boxed e-con e-parent\" data-id=\"532f527\" data-element_type=\"container\" data-e-type=\"container\" id=\"constructieve-communicatie\" data-settings=\"{&quot;background_background&quot;:&quot;classic&quot;}\">\n\t\t\t\t\t<div class=\"e-con-inner\">\n\t\t<div class=\"elementor-element elementor-element-8e1dda3 e-con-full e-flex e-con e-child\" data-id=\"8e1dda3\" data-element_type=\"container\" data-e-type=\"container\" data-settings=\"{&quot;background_background&quot;:&quot;classic&quot;}\">\n\t\t<div class=\"elementor-element elementor-element-5b753f0 e-con-full e-flex e-con e-child\" data-id=\"5b753f0\" data-element_type=\"container\" data-e-type=\"container\" data-settings=\"{&quot;background_background&quot;:&quot;classic&quot;}\">\n\t\t\t\t<div class=\"elementor-element elementor-element-2a2c6ff elementor-widget__width-auto elementor-widget elementor-widget-heading\" data-id=\"2a2c6ff\" data-element_type=\"widget\" data-e-type=\"widget\" data-widget_type=\"heading.default\">\n\t\t\t\t\t<div class=\"elementor-heading-title elementor-size-default\">SESSIE<\/div>\t\t\t\t<\/div>\n\t\t\t\t<\/div>\n\t\t<div class=\"elementor-element elementor-element-ec63c93 e-con-full e-flex e-con e-child\" data-id=\"ec63c93\" data-element_type=\"container\" data-e-type=\"container\" data-settings=\"{&quot;background_background&quot;:&quot;classic&quot;}\">\n\t\t\t\t<div class=\"elementor-element elementor-element-3d9ccbf elementor-widget__width-auto elementor-widget elementor-widget-heading\" data-id=\"3d9ccbf\" data-element_type=\"widget\" data-e-type=\"widget\" data-widget_type=\"heading.default\">\n\t\t\t\t\t<div class=\"elementor-heading-title elementor-size-default\">Constructieve communi&shy;catie met ouders en jongeren over het versterken van aanwezig&shy;heid op school<\/div>\t\t\t\t<\/div>\n\t\t\t\t<\/div>\n\t\t\t\t<div class=\"elementor-element elementor-element-70dd934 elementor-widget elementor-widget-heading\" data-id=\"70dd934\" data-element_type=\"widget\" data-e-type=\"widget\" data-widget_type=\"heading.default\">\n\t\t\t\t\t<h2 class=\"elementor-heading-title elementor-size-default\">Onderwijs is relationeel: het verhaal van Richard en Petra<\/h2>\t\t\t\t<\/div>\n\t\t\t\t<div class=\"elementor-element elementor-element-f8d3396 elementor-widget elementor-widget-text-editor\" data-id=\"f8d3396\" data-element_type=\"widget\" data-e-type=\"widget\" data-widget_type=\"text-editor.default\">\n\t\t\t\t\t\t\t\t\t<h3>Wat doet het met een kind als school niet veilig voelt, en hoe groot kan het verschil zijn als een leraar of school juist w\u00e9l ziet wat nodig is? Student Richard en zijn moeder Petra delen openhartig hun ervaringen. Hun verhaal laat zien hoe belangrijk relaties, taal en samenwerking zijn in het onderwijs.<\/h3>\t\t\t\t\t\t\t\t<\/div>\n\t\t\t\t<div class=\"elementor-element elementor-element-1c7f732 dw-linken elementor-widget elementor-widget-text-editor\" data-id=\"1c7f732\" data-element_type=\"widget\" data-e-type=\"widget\" data-widget_type=\"text-editor.default\">\n\t\t\t\t\t\t\t\t\t<p>Richard kijkt terug op een basisschooltijd waarin hij zich nauwelijks op zijn plek voelde. \u201cIk zat op een christelijke basisschool in een dorp. Ik was anders, had andere interesses, en dat paste niet in de vrij klassieke manier van lesgeven. Het was sociaal ingewikkeld en inhoudelijk te makkelijk. Daardoor ging ik met steeds minder plezier naar school.\u201d<\/p><p>Het leidde ook tot pesten, vertelt hij. \u201cDat maakte het nog zwaarder. Pas op het eind, met een juf die me \u00e9cht zag, voelde ik me een beetje in mijn kracht komen.\u201d Zijn moeder Petra herinnert zich dat het gezin meerdere keren in gesprek ging met school. \u201cWe hebben van alles geprobeerd, maar de ervaring in de groep was ronduit negatief. Soms hield ik Richard zelfs thuis, omdat school simpelweg niet veilig voelde. Ook keken we naar andere scholen, maar zonder succes. Thuis moet veilig zijn, maar school \u00f3\u00f3k.\u201d<\/p><h4>Een nieuwe wereld<\/h4><p>De overstap naar de middelbare school betekende een keerpunt. Richard: \u201cIk werd eindelijk uitgedaagd en ging weer met plezier leren. Het was een stedelijke school, veel diverser, en er was een duidelijk anti-pestbeleid. Dat maakte meteen verschil. Ik durfde open te vertellen dat ik autisme heb en merkte dat dit juist compassie opriep bij klasgenoten. Op de basisschool had ik dezelfde presentatie gegeven, maar daar werkte het averechts.\u201d<\/p><p>Hij vond er vrienden met wie hij interesses kon delen en voelde zich voor het eerst echt thuis op school. \u201cHet verschil was enorm. Ik kon mezelf zijn.\u201d<\/p><h4>De rol van ouders en school<\/h4><p>Voor Petra was de samenwerking met school minstens zo belangrijk. \u201cWe voelden ons gewaardeerd in onze kennis en kunde over ons kind. Er was gelijkwaardigheid en respect. Dat scheelde enorm veel energie. Het maakte dat we samen konden werken in plaats van tegenover elkaar te staan.\u201d<\/p><p>Ze is kritisch op de manier waarop termen als \u2018warme overdracht\u2019 soms worden ingevuld. \u201cVoor mij betekent dat echt van mens tot mens, niet alleen een formulier. Je moet elkaar in de ogen kijken en voelen dat je samen verantwoordelijkheid draagt.\u201d<\/p><h4>Taal doet ertoe<\/h4><p>Een belangrijk thema in de workshop was de invloed van taal. Richard vertelt hoe hij op de middelbare school een profielkeuze moest maken. \u201cMijn wiskundeleraar zei dat ik maar beter niet voor wiskunde B kon kiezen, want dat zou te moeilijk zijn. Hij bedoelde het misschien goed, maar in mijn hoofd was het meteen: wiskunde kan ik niet.\u201d<\/p><p>Dat beeld bleef jarenlang hangen. Richard koos voor een studie sociale geografie, maar ontdekte dat hij de b\u00e8ta-kant juist leuk vond. Inmiddels studeert hij in Delft aan een technische master en geniet hij van wiskunde en programmeren. \u201cAchteraf denk ik: ik had misschien veel eerder een b\u00e8ta-studie moeten doen. Maar door die opmerking en de manier waarop op school werd gesproken over wiskunde A en B, dacht ik dat ik het niet kon.\u201d<\/p><p>Zijn moeder herkent dat mechanisme. \u201cEen leraar kan met \u00e9\u00e9n zin een pad afsluiten of juist openen. Het gaat om hoe je woorden landen. Dat vraagt om checken, vragen en echt in gesprek gaan: wat hoor jij, wat betekent dit voor jou?\u201d Want zowel mijn man als ik hebben precies hetzelfde gehoord in dat bewuste gesprek, namelijk dat deze docent adviseerde \u2018nu\u2019 voor wiskunde A te kiezen omdat dit voldoende was voor zijn vervolgstudie en hij op dat moment meer dan genoeg te doen had. Wanneer hij wiskunde B nodig zou hebben kon hij dat altijd nog oppakken. Het was juist een helpend bedoelde opmerking die bij Richard totaal anders landde, rakend aan zijn lage zelfvertrouwen. \u201c<\/p><h4>Onderwijs is relatie<\/h4><p>Voor de deelnemers sloot het verhaal van Richard en Petra naadloos aan bij de woorden van keynote-spreker Luc Stevens: onderwijs is relationeel. Het gaat nooit alleen om de leraar, maar altijd om de interactie tussen leraar, leerling en ouders.<\/p><p>De workshop maakte dat concreet met oefeningen waarin deelnemers in twee-tallen spraken vanuit het perspectief van leerling, ouder of professional. Zij oefenden met de \u2018Theory of Mind\u2019 (\u201cWees nieuwsgierig en stel andere vragen\u201d) en de Presentietheorie (\u201cDe kunst van er \u00e9cht zijn\u201d). Het doel: ervaren hoe het is om werkelijk te luisteren en het gesprek open te voeren.<\/p><p>Petra: \u201cDaar waar het ingewikkeld wordt, moet je elkaar blijven opzoeken. Het gaat erom dat je samen verantwoordelijkheid draagt. Dan kun je ook lastige periodes doorstaan.\u201d Ofwel: verbinding maak je in vredestijd, zoals Chaja Deen (NJi) het samenvat. \u201cDus voordat er iets speelt. Dat gaat verder dan een smalle pedagogische taak. Dan gaat het erom dat je als school werk maakt van mensvorming.\u201d<\/p><h4>Samen verder<\/h4><p>Het verhaal van Richard en Petra laat zien hoe kwetsbaar kinderen zijn voor taal, hoe bepalend de groep kan zijn, en hoe groot de impact van samen-werking is. Van onveilig voelen en pesten naar uitgedaagd worden en compassie ervaren: het verschil zat in relaties, in verbinding en in hoe er met hen gesproken en samengewerkt werd. Of zoals Richard het zelf zegt: \u201cHet maakte het verschil of ik gezien werd of niet. En als ik gezien werd, voelde ik me sterker, gemotiveerd en onderdeel van de groep.\u201d<\/p><p><em>De namen van Petra en Richard zijn gefingeerd.<\/em><\/p>\t\t\t\t\t\t\t\t<\/div>\n\t\t\t\t<\/div>\n\t\t\t\t\t<\/div>\n\t\t\t\t<\/div>\n\t\t<div class=\"elementor-element elementor-element-277f919 e-flex e-con-boxed e-con e-parent\" data-id=\"277f919\" data-element_type=\"container\" data-e-type=\"container\" data-settings=\"{&quot;background_background&quot;:&quot;classic&quot;}\">\n\t\t\t\t\t<div class=\"e-con-inner\">\n\t\t<div class=\"elementor-element elementor-element-c6647e5 e-con-full e-flex e-con e-child\" data-id=\"c6647e5\" data-element_type=\"container\" data-e-type=\"container\" data-settings=\"{&quot;background_background&quot;:&quot;classic&quot;}\">\n\t\t\t\t<\/div>\n\t\t\t\t\t<\/div>\n\t\t\t\t<\/div>\n\t\t<div class=\"elementor-element elementor-element-949b953 e-flex e-con-boxed e-con e-parent\" data-id=\"949b953\" data-element_type=\"container\" data-e-type=\"container\" id=\"implementatie-disseminatie\" data-settings=\"{&quot;background_background&quot;:&quot;classic&quot;}\">\n\t\t\t\t\t<div class=\"e-con-inner\">\n\t\t<div class=\"elementor-element elementor-element-dab866f e-con-full e-flex e-con e-child\" data-id=\"dab866f\" data-element_type=\"container\" data-e-type=\"container\" data-settings=\"{&quot;background_background&quot;:&quot;classic&quot;}\">\n\t\t<div class=\"elementor-element elementor-element-ef38c14 e-con-full e-flex e-con e-child\" data-id=\"ef38c14\" data-element_type=\"container\" data-e-type=\"container\" data-settings=\"{&quot;background_background&quot;:&quot;classic&quot;}\">\n\t\t\t\t<div class=\"elementor-element elementor-element-8ee3437 elementor-widget__width-auto elementor-widget elementor-widget-heading\" data-id=\"8ee3437\" data-element_type=\"widget\" data-e-type=\"widget\" data-widget_type=\"heading.default\">\n\t\t\t\t\t<div class=\"elementor-heading-title elementor-size-default\">SESSIE<\/div>\t\t\t\t<\/div>\n\t\t\t\t<\/div>\n\t\t<div class=\"elementor-element elementor-element-b7370fa e-con-full e-flex e-con e-child\" data-id=\"b7370fa\" data-element_type=\"container\" data-e-type=\"container\" data-settings=\"{&quot;background_background&quot;:&quot;classic&quot;}\">\n\t\t\t\t<div class=\"elementor-element elementor-element-e6d175b elementor-widget__width-auto elementor-widget elementor-widget-heading\" data-id=\"e6d175b\" data-element_type=\"widget\" data-e-type=\"widget\" data-widget_type=\"heading.default\">\n\t\t\t\t\t<div class=\"elementor-heading-title elementor-size-default\">Implementatie en disseminatie<\/div>\t\t\t\t<\/div>\n\t\t\t\t<\/div>\n\t\t\t\t<div class=\"elementor-element elementor-element-35bdd2c elementor-widget elementor-widget-heading\" data-id=\"35bdd2c\" data-element_type=\"widget\" data-e-type=\"widget\" data-widget_type=\"heading.default\">\n\t\t\t\t\t<h2 class=\"elementor-heading-title elementor-size-default\">De sleutels voor succesvolle uitbreiding van MD-MTSS<\/h2>\t\t\t\t<\/div>\n\t\t\t\t<div class=\"elementor-element elementor-element-f612224 elementor-widget elementor-widget-text-editor\" data-id=\"f612224\" data-element_type=\"widget\" data-e-type=\"widget\" data-widget_type=\"text-editor.default\">\n\t\t\t\t\t\t\t\t\t<h3>Het MD-MTSS-raamwerk voor schoolaanwezigheid landt in Nederland. Het kan nu verspreid en uitgebreid worden.\u2019 Maar ook weer niet overhaast. Een incomplete invoering leidt tot minder successen en frustratie. De succes\u00adfactoren op een rijtje gezet.<\/h3>\t\t\t\t\t\t\t\t<\/div>\n\t\t\t\t<div class=\"elementor-element elementor-element-188763b dw-linken elementor-widget elementor-widget-text-editor\" data-id=\"188763b\" data-element_type=\"widget\" data-e-type=\"widget\" data-widget_type=\"text-editor.default\">\n\t\t\t\t\t\t\t\t\t<p>Er is veel belangstelling om het raamwerk \u00f3\u00f3k in te voeren. Doorgaans duurt implementatie van een innovatie veertien \u00e0 zeventien jaar, waarschuwt Patricia Graczyk van de universiteit van Illinois, bedenker van het raamwerk. \u201cWe willen dat versnellen.\u201d Maar het moet ook zorgvuldig, niet overhaast gebeuren. Uit studies blijken factoren die helpend zijn. Die zijn samen te vatten tot coaching\/training, vertrouwen kweken, leider\u00adschaps\u00adstijl en support, het opnemen van een kader, samen\u00adwerking en partner\u00adschap, de context rond de school en data waarop besluiten genomen kunnen worden.<\/p><h4>Ongeduld<\/h4><p>Ren\u00e9 Halberstadt en Marije Brouwer van Ingrado, de drijvende krachten achter het congres, schetsen wat allemaal al wordt gedaan om MD-MTSS te verspreiden. Proeftuinen, voorlichting, netwerk\u00adbijeen\u00adkomsten, trainingen, data verzamelen en samen\u00adwerking via het internationale netwerk rond school\u00adaanwezig\u00adheid INSA.<\/p><p>Marije en Ren\u00e9 zien ook de risico\u2019s van een te snelle uit\u00adbreiding van MD-MTSS. Zoals ongeduld. Invoering vraagt nu eenmaal tijd. Het systeem is ook nog in ontwikkeling. Er wordt nog materiaal ontwikkeld en kennis over het manipuleren van data staat in de kinder\u00adschoenen.<\/p><p>Leerplichtambtenaren worden getraind, die scholen kunnen adviseren en als <em>critical friend<\/em> kunnen functioneren. Bij voorkeur sluiten ze eens per maand aan bij het school\u00adaanwezig\u00adheids\u00adteam (SAT) van de school om mee te denken en te adviseren.<br \/>Tweede belangrijke voorwaarde voor verspreiding is betrouw\u00adbaarheid. \u201cDoe de interventie zoals ze gepland is\u201d, adviseert Ren\u00e9. \u201cDat vergroot het succes.\u201d<br \/>Als voorwaarden voor uitvoering van MD-MTSS ziet hij:<\/p><ul><li>train de trainer<\/li><li>een mbo-community<\/li><li>verbinding met KNSA en INSA<\/li><li>helderheid<\/li><li>een wetswijziging en een Algemene maatregel van bestuur (Amvb)<\/li><li>aansluiting van data\u00adsystemen (zoals Parnassys)<\/li><li>enthousiasme.<\/li><\/ul><h4>Schoolcultuur<\/h4><p>Programma\u2019s moeten worden aangepast aan onder andere type onderwijs en leeftijd. Van voorschool tot universiteit. \u201cDe aanpassing moet bij je schoolcultuur passen\u201d, legt Marije uit. \u201cSchool\u00adaanwezig\u00adheid is niet dat je iedere leerling bij de ingang een hand geeft. Iets moet bij je school\u00adcultuur passen.\u201d Ook is niet alles mogelijk. In de Verenigde Staten kun je data aan culturele achtergrond koppelen, zodat je gericht bepaalde culturele roepen kunt ondersteunen, maar in Nederland is dat niet toegestaan. Marije: \u201cAnderzijds heb je in de voor\u00adschool geen leerplicht, maar kun je ook daar al signalen oppakken die later tot afwezigheid kunnen leiden.\u201d<\/p><h4>Samen\u00adwerking en context<\/h4><p>Samen\u00adwerking en partnerschap zijn belangrijke motors in het verspreiden. Ren\u00e9: \u201cOp onze netwerk\u00addagen delen we kennis en gaan we met lokale thema\u2019s aan de slag. Je hebt samen\u00adwerking nodig om het verder te brengen.\u201d<\/p><p>De context is een belangrijke voorwaarde voor verspreiding. Hoe is de wet- en regelgeving? Welke software is er? Hoe staan politiek en beleidsmakers tegenover schoolaanwezigheid, zijn ze ermee bezig? En zit je in stedelijk gebied of op het platteland, ook dat maakt uit.<\/p><h3>Patronen en plezier<\/h3><p>Hoe je data gebruikt, is een volgende factor voor succes. Marije: \u201cJe ziet patronen die je eerder niet kon zien. Zoals toename van afwezigheid wanneer kinderen van gescheiden ouders halverwege de week wisselen van ouder. Zo kun je ouders voorlichten, voordat er problemen ontstaan.\u201d<\/p><p>Plezier noemt Ren\u00e9 als toch belangrijke, laatste factor. \u201cHeb lol in wat je doet. Je straalt dat uit en zo breng je het verder.\u201d \u201cSchool kijkt vaak als eerste naar wat er niet goed gaat\u201d, vult Marije aan. \u201cWij kijken eerst naar wat w\u00e9l al op orde is.\u201d<\/p>\t\t\t\t\t\t\t\t<\/div>\n\t\t\t\t<\/div>\n\t\t\t\t\t<\/div>\n\t\t\t\t<\/div>\n\t\t<div class=\"elementor-element elementor-element-12da9f7 e-flex e-con-boxed e-con e-parent\" data-id=\"12da9f7\" data-element_type=\"container\" data-e-type=\"container\" data-settings=\"{&quot;background_background&quot;:&quot;classic&quot;}\">\n\t\t\t\t\t<div class=\"e-con-inner\">\n\t\t<div class=\"elementor-element elementor-element-484357f e-con-full e-flex e-con e-child\" data-id=\"484357f\" data-element_type=\"container\" data-e-type=\"container\" data-settings=\"{&quot;background_background&quot;:&quot;classic&quot;}\">\n\t\t\t\t<\/div>\n\t\t\t\t\t<\/div>\n\t\t\t\t<\/div>\n\t\t<div class=\"elementor-element elementor-element-8ee8177 e-flex e-con-boxed e-con e-parent\" data-id=\"8ee8177\" data-element_type=\"container\" data-e-type=\"container\" id=\"wat-kunnen-we-leren\" data-settings=\"{&quot;background_background&quot;:&quot;classic&quot;}\">\n\t\t\t\t\t<div class=\"e-con-inner\">\n\t\t<div class=\"elementor-element elementor-element-a1f882f e-con-full e-flex e-con e-child\" data-id=\"a1f882f\" data-element_type=\"container\" data-e-type=\"container\" data-settings=\"{&quot;background_background&quot;:&quot;classic&quot;}\">\n\t\t<div class=\"elementor-element elementor-element-548df4f e-con-full e-flex e-con e-child\" data-id=\"548df4f\" data-element_type=\"container\" data-e-type=\"container\" data-settings=\"{&quot;background_background&quot;:&quot;classic&quot;}\">\n\t\t\t\t<div class=\"elementor-element elementor-element-ee91063 elementor-widget__width-auto elementor-widget elementor-widget-heading\" data-id=\"ee91063\" data-element_type=\"widget\" data-e-type=\"widget\" data-widget_type=\"heading.default\">\n\t\t\t\t\t<div class=\"elementor-heading-title elementor-size-default\">SESSIE<\/div>\t\t\t\t<\/div>\n\t\t\t\t<\/div>\n\t\t<div class=\"elementor-element elementor-element-a2028e3 e-con-full e-flex e-con e-child\" data-id=\"a2028e3\" data-element_type=\"container\" data-e-type=\"container\" data-settings=\"{&quot;background_background&quot;:&quot;classic&quot;}\">\n\t\t\t\t<div class=\"elementor-element elementor-element-e5098d5 elementor-widget__width-auto elementor-widget elementor-widget-heading\" data-id=\"e5098d5\" data-element_type=\"widget\" data-e-type=\"widget\" data-widget_type=\"heading.default\">\n\t\t\t\t\t<div class=\"elementor-heading-title elementor-size-default\">Wat kunnen we leren van de totstand&shy;koming van wetgeving over aanwezig&shy;heid in andere landen?<\/div>\t\t\t\t<\/div>\n\t\t\t\t<\/div>\n\t\t\t\t<div class=\"elementor-element elementor-element-7ec1247 elementor-widget elementor-widget-heading\" data-id=\"7ec1247\" data-element_type=\"widget\" data-e-type=\"widget\" data-widget_type=\"heading.default\">\n\t\t\t\t\t<h2 class=\"elementor-heading-title elementor-size-default\">Leren van Engeland, Finland en Noorwegen<\/h2>\t\t\t\t<\/div>\n\t\t\t\t<div class=\"elementor-element elementor-element-11e1111 elementor-widget elementor-widget-text-editor\" data-id=\"11e1111\" data-element_type=\"widget\" data-e-type=\"widget\" data-widget_type=\"text-editor.default\">\n\t\t\t\t\t\t\t\t\t<h3>Hoe zorgen we dat leerlingen niet alleen recht hebben op onderwijs, maar er ook echt zijn? Nederland zoekt daarin naar nieuwe wegen. Andere landen zijn (deels) al een stap verder. Engeland, Finland en Noorwegen laten zien dat wetgeving effectiever kan zijn wanneer je inzet op samen\u00adwerking, preventie en een positief school\u00adklimaat. Hun ervaringen bieden waarde\u00advolle lessen, stelt Marga de Weerd, project\u00adleider Data en Onderzoek bij Ingrado.<\/h3>\t\t\t\t\t\t\t\t<\/div>\n\t\t\t\t<div class=\"elementor-element elementor-element-c1de6d5 dw-linken elementor-widget elementor-widget-text-editor\" data-id=\"c1de6d5\" data-element_type=\"widget\" data-e-type=\"widget\" data-widget_type=\"text-editor.default\">\n\t\t\t\t\t\t\t\t\t<p>Voor het onderzoek naar de totstand\u00adkoming van wetgeving rond school\u00adaanwezig\u00adheid is in 18 landen een enqu\u00eate uitgezet. Uit\u00adeindelijk gaven 18 respondenten uit 12 landen hun visie, met verdiepende interviews in zes landen. Voor een diepgaande vergelijking zijn drie landen geselecteerd: Engeland, Finland en Noorwegen. De Weerd: \u201cHoewel de context per land verschilt, kwamen er opvallend veel overeen\u00adkomsten naar voren.\u201d<\/p><h4>Drie pijlers<\/h4><p>In alle drie de landen wordt wetgeving gedragen door samenwerking, betrokken\u00adheid en kennis.<\/p><p><strong>1. Samenwerking tussen partijen en niveaus<\/strong><br \/>Beleid ontstaat niet in een ivoren toren, maar door scholen, gemeenten, overheid en maatschappelijke organisaties actief te betrekken. Daardoor voelen alle partijen zich eigenaar van de aanpak en dragen ze bij aan de uitvoering.<\/p><p><strong>2. De stem van de gemeenschap<\/strong><br \/>Leerlingen, ouders en gezinnen worden eveneens nadrukkelijk gehoord en betrokken bij de totstand\u00adkoming van nieuwe wetgeving. Dit zorgt voor meer draagvlak \u00e9n effectivi\u00adteit.<\/p><p><strong>3. Onderzoek en data als fundament<\/strong><br \/>Wetgeving is gebaseerd op data, onderzoek en praktijk\u00adervaringen. Het gaat niet alleen om cijfers over verzuim, maar ook om inzichten in school\u00adklimaat, motivatie en welzijn. Zo ontstaat beleid dat aansluit bij de realiteit.<\/p><h4>Van reactief naar proactief<\/h4><p>Het gaat niet alleen over aanwezigheid of verzuim, maar ook over hoe het welzijn van jongeren bevorderd wordt.\u201d Ook constateert zij een verschuiving van een reactieve naar een proactieve werkwijze. \u201cWaar we in Nederland vaak pas handelen wanneer een leerling langdurig wegblijft, kiezen deze landen voor vroeg\u00adsignalering.\u201d Zodra er signalen zijn dat een leerling dreigt af te haken, wordt actie ondernomen. Het doel is niet straffen, maar ondersteunen.<\/p><p>Daarbij speelt het school\u00adklimaat een sleutelrol. Wetgeving in deze landen benadrukt dat een veilige en stimulerende omgeving essentieel is om aanwezigheid te bevorderen. De Weerd: \u201cAls leerlingen zich gezien en gehoord voelen, komen ze vaker en met meer motivatie naar school.\u201d<\/p><h4>En Nederland?<\/h4><p>Nederland heeft belangrijke stappen gezet met het wetsvoorstel om school\u00adverzuim terug te dringen, maar er zijn nog duidelijke verschillen. De Weerd: \u201cIn ons beleid staat verzuim nog vaak als probleem op zichzelf, terwijl andere landen aanwezigheid zien als onderdeel van een bredere ontwikke\u00adlings\u00adopgave.\u201d Ook de rol van het school\u00adklimaat krijgt hier minder aandacht, terwijl inter\u00adnationaal juist blijkt dat dit een doorslag\u00adgevende factor is. Bovendien zijn de rollen en verantwoordelijk\u00adheden van verschillende partners in Nederland nog niet altijd helder afgebakend. De omslag va re-actief naar pro-actief vindt bovendien slechts gedeeltelijk plaats.<\/p>\t\t\t\t\t\t\t\t<\/div>\n\t\t<div class=\"elementor-element elementor-element-2dc7943 e-con-full dw-inspringen e-flex e-con e-child\" data-id=\"2dc7943\" data-element_type=\"container\" data-e-type=\"container\" data-settings=\"{&quot;background_background&quot;:&quot;classic&quot;}\">\n\t\t\t\t<div class=\"elementor-element elementor-element-790358c elementor-widget elementor-widget-heading\" data-id=\"790358c\" data-element_type=\"widget\" data-e-type=\"widget\" data-widget_type=\"heading.default\">\n\t\t\t\t\t<h2 class=\"elementor-heading-title elementor-size-default\">Concrete lessen<\/h2>\t\t\t\t<\/div>\n\t\t\t\t<div class=\"elementor-element elementor-element-d66d8b0 elementor-widget elementor-widget-text-editor\" data-id=\"d66d8b0\" data-element_type=\"widget\" data-e-type=\"widget\" data-widget_type=\"text-editor.default\">\n\t\t\t\t\t\t\t\t\t<p>De internationale ervaringen leveren concrete lessen op voor Nederland:<\/p><ul><li><strong>Betrek alle relevante partijen<\/strong>: scholen, ouders, gemeenten, leerlingen \u00e9n maatschappelijke organisaties.<\/li><li><strong>Baseer beleid op praktijkervaringen<\/strong>: laat hervormingen niet alleen op papier bestaan, maar wortel ze in de werkelijkheid.<\/li><li><strong>Gebruik data en best practices<\/strong>: niet alleen verzuimcijfers, maar ook informatie over welzijn en motivatie.<\/li><li><strong>Zoek politieke en maatschappelijke steun<\/strong>: duurzame wetgeving vraagt om breed draagvlak.<\/li><li><strong>Werk vanuit een gezamenlijk kader<\/strong>: met preventie en aanwezigheid als uitgangspunt in plaats van verzuim als probleem.<\/li><\/ul>\t\t\t\t\t\t\t\t<\/div>\n\t\t\t\t<\/div>\n\t\t\t\t<div class=\"elementor-element elementor-element-7a977c6 dw-linken elementor-widget elementor-widget-text-editor\" data-id=\"7a977c6\" data-element_type=\"widget\" data-e-type=\"widget\" data-widget_type=\"text-editor.default\">\n\t\t\t\t\t\t\t\t\t<h4>Gezamenlijke opdracht<\/h4><p>Wat opvalt in Engeland, Finland en Noorwegen is de verschuiving van straffen naar ondersteunen, van problemen bestrijden naar kansen cre\u00ebren. Daarin ligt ook voor Nederland de uitdaging. De Weerd: \u201cWillen we \u00e9cht werk maken van schoolaanwezigheid, dan vraagt dat om wetgeving die de jongere centraal stelt, die proactief en holistisch is, en die samenwerking als motor gebruikt.\u201d<\/p><p>Voor professionals gaat het erom een cultuur te bouwen waarin aanwezigheid vanzelfsprekend wordt, omdat leerlingen zich gezien voelen en omdat de omgeving hen stimuleert om te komen. De les uit het buitenland is helder: zet aanwezigheid bovenaan de agenda. Niet als een dossier van sancties en regels, maar als een gezamenlijke opdracht waarin welzijn, kansen en ontwikkeling het vertrekpunt zijn.<\/p>\t\t\t\t\t\t\t\t<\/div>\n\t\t\t\t<\/div>\n\t\t\t\t\t<\/div>\n\t\t\t\t<\/div>\n\t\t\t\t<\/div>\n\t\t","protected":false},"excerpt":{"rendered":"<p>Bekijk het e-zine met daarin een terugblik op het eerste Nederlands Congres Schoolaanwezigheid. Het is ook een naslagwerk om er nog eens bij te pakken als we aan het werk zijn om onderwijs- en ontwikkelplekken voor \u00e1lle jongeren te organiseren. <\/p>\n","protected":false},"author":1,"featured_media":0,"parent":0,"menu_order":30,"comment_status":"closed","ping_status":"closed","template":"elementor_header_footer","meta":{"inline_featured_image":false,"footnotes":""},"class_list":["post-174","page","type-page","status-publish","hentry"],"yoast_head":"<!-- This site is optimized with the Yoast SEO plugin v27.4 - https:\/\/yoast.com\/product\/yoast-seo-wordpress\/ -->\n<title>26 september - Nederlands Congres Schoolaanwezigheid<\/title>\n<meta name=\"description\" content=\"Lees het e-zine over het congres.\" \/>\n<meta name=\"robots\" content=\"index, follow, max-snippet:-1, max-image-preview:large, max-video-preview:-1\" \/>\n<link rel=\"canonical\" href=\"https:\/\/on-the-spot.nl\/schoolaanwezigheid2025\/26-september\/\" \/>\n<meta property=\"og:locale\" content=\"nl_NL\" \/>\n<meta property=\"og:type\" content=\"article\" \/>\n<meta property=\"og:title\" content=\"26 september - Nederlands Congres Schoolaanwezigheid\" \/>\n<meta property=\"og:description\" content=\"Lees het e-zine over het congres.\" \/>\n<meta property=\"og:url\" content=\"https:\/\/on-the-spot.nl\/schoolaanwezigheid2025\/26-september\/\" \/>\n<meta property=\"og:site_name\" content=\"Nederlands Congres Schoolaanwezigheid\" \/>\n<meta property=\"article:modified_time\" content=\"2026-01-19T12:15:00+00:00\" \/>\n<meta property=\"og:image\" content=\"https:\/\/on-the-spot.nl\/schoolaanwezigheid2025\/wp-content\/uploads\/2025\/10\/banner25sept.jpg\" \/>\n\t<meta property=\"og:image:width\" content=\"1000\" \/>\n\t<meta property=\"og:image:height\" content=\"500\" \/>\n\t<meta property=\"og:image:type\" content=\"image\/jpeg\" \/>\n<meta name=\"twitter:card\" content=\"summary_large_image\" \/>\n<meta name=\"twitter:label1\" content=\"Geschatte leestijd\" \/>\n\t<meta name=\"twitter:data1\" content=\"27 minuten\" \/>\n<script type=\"application\/ld+json\" class=\"yoast-schema-graph\">{\"@context\":\"https:\\\/\\\/schema.org\",\"@graph\":[{\"@type\":\"WebPage\",\"@id\":\"https:\\\/\\\/on-the-spot.nl\\\/schoolaanwezigheid2025\\\/26-september\\\/\",\"url\":\"https:\\\/\\\/on-the-spot.nl\\\/schoolaanwezigheid2025\\\/26-september\\\/\",\"name\":\"26 september - Nederlands Congres Schoolaanwezigheid\",\"isPartOf\":{\"@id\":\"https:\\\/\\\/on-the-spot.nl\\\/schoolaanwezigheid2025\\\/#website\"},\"primaryImageOfPage\":{\"@id\":\"https:\\\/\\\/on-the-spot.nl\\\/schoolaanwezigheid2025\\\/26-september\\\/#primaryimage\"},\"image\":{\"@id\":\"https:\\\/\\\/on-the-spot.nl\\\/schoolaanwezigheid2025\\\/26-september\\\/#primaryimage\"},\"thumbnailUrl\":\"https:\\\/\\\/on-the-spot.nl\\\/schoolaanwezigheid2025\\\/wp-content\\\/uploads\\\/2025\\\/10\\\/banner25sept.jpg\",\"datePublished\":\"2023-11-03T08:26:55+00:00\",\"dateModified\":\"2026-01-19T12:15:00+00:00\",\"description\":\"Lees het e-zine over het congres.\",\"breadcrumb\":{\"@id\":\"https:\\\/\\\/on-the-spot.nl\\\/schoolaanwezigheid2025\\\/26-september\\\/#breadcrumb\"},\"inLanguage\":\"nl-NL\",\"potentialAction\":[{\"@type\":\"ReadAction\",\"target\":[\"https:\\\/\\\/on-the-spot.nl\\\/schoolaanwezigheid2025\\\/26-september\\\/\"]}]},{\"@type\":\"ImageObject\",\"inLanguage\":\"nl-NL\",\"@id\":\"https:\\\/\\\/on-the-spot.nl\\\/schoolaanwezigheid2025\\\/26-september\\\/#primaryimage\",\"url\":\"https:\\\/\\\/on-the-spot.nl\\\/schoolaanwezigheid2025\\\/wp-content\\\/uploads\\\/2025\\\/10\\\/banner25sept.jpg\",\"contentUrl\":\"https:\\\/\\\/on-the-spot.nl\\\/schoolaanwezigheid2025\\\/wp-content\\\/uploads\\\/2025\\\/10\\\/banner25sept.jpg\",\"width\":1000,\"height\":500},{\"@type\":\"BreadcrumbList\",\"@id\":\"https:\\\/\\\/on-the-spot.nl\\\/schoolaanwezigheid2025\\\/26-september\\\/#breadcrumb\",\"itemListElement\":[{\"@type\":\"ListItem\",\"position\":1,\"name\":\"Home\",\"item\":\"https:\\\/\\\/on-the-spot.nl\\\/schoolaanwezigheid2025\\\/\"},{\"@type\":\"ListItem\",\"position\":2,\"name\":\"26 september\"}]},{\"@type\":\"WebSite\",\"@id\":\"https:\\\/\\\/on-the-spot.nl\\\/schoolaanwezigheid2025\\\/#website\",\"url\":\"https:\\\/\\\/on-the-spot.nl\\\/schoolaanwezigheid2025\\\/\",\"name\":\"Nederlands Congres Schoolaanwezigheid\",\"description\":\"Ge&iuml;nspireerd aan de slag\",\"potentialAction\":[{\"@type\":\"SearchAction\",\"target\":{\"@type\":\"EntryPoint\",\"urlTemplate\":\"https:\\\/\\\/on-the-spot.nl\\\/schoolaanwezigheid2025\\\/?s={search_term_string}\"},\"query-input\":{\"@type\":\"PropertyValueSpecification\",\"valueRequired\":true,\"valueName\":\"search_term_string\"}}],\"inLanguage\":\"nl-NL\"}]}<\/script>\n<!-- \/ Yoast SEO plugin. -->","yoast_head_json":{"title":"26 september - Nederlands Congres Schoolaanwezigheid","description":"Lees het e-zine over het congres.","robots":{"index":"index","follow":"follow","max-snippet":"max-snippet:-1","max-image-preview":"max-image-preview:large","max-video-preview":"max-video-preview:-1"},"canonical":"https:\/\/on-the-spot.nl\/schoolaanwezigheid2025\/26-september\/","og_locale":"nl_NL","og_type":"article","og_title":"26 september - Nederlands Congres Schoolaanwezigheid","og_description":"Lees het e-zine over het congres.","og_url":"https:\/\/on-the-spot.nl\/schoolaanwezigheid2025\/26-september\/","og_site_name":"Nederlands Congres Schoolaanwezigheid","article_modified_time":"2026-01-19T12:15:00+00:00","og_image":[{"width":1000,"height":500,"url":"https:\/\/on-the-spot.nl\/schoolaanwezigheid2025\/wp-content\/uploads\/2025\/10\/banner25sept.jpg","type":"image\/jpeg"}],"twitter_card":"summary_large_image","twitter_misc":{"Geschatte leestijd":"27 minuten"},"schema":{"@context":"https:\/\/schema.org","@graph":[{"@type":"WebPage","@id":"https:\/\/on-the-spot.nl\/schoolaanwezigheid2025\/26-september\/","url":"https:\/\/on-the-spot.nl\/schoolaanwezigheid2025\/26-september\/","name":"26 september - Nederlands Congres Schoolaanwezigheid","isPartOf":{"@id":"https:\/\/on-the-spot.nl\/schoolaanwezigheid2025\/#website"},"primaryImageOfPage":{"@id":"https:\/\/on-the-spot.nl\/schoolaanwezigheid2025\/26-september\/#primaryimage"},"image":{"@id":"https:\/\/on-the-spot.nl\/schoolaanwezigheid2025\/26-september\/#primaryimage"},"thumbnailUrl":"https:\/\/on-the-spot.nl\/schoolaanwezigheid2025\/wp-content\/uploads\/2025\/10\/banner25sept.jpg","datePublished":"2023-11-03T08:26:55+00:00","dateModified":"2026-01-19T12:15:00+00:00","description":"Lees het e-zine over het congres.","breadcrumb":{"@id":"https:\/\/on-the-spot.nl\/schoolaanwezigheid2025\/26-september\/#breadcrumb"},"inLanguage":"nl-NL","potentialAction":[{"@type":"ReadAction","target":["https:\/\/on-the-spot.nl\/schoolaanwezigheid2025\/26-september\/"]}]},{"@type":"ImageObject","inLanguage":"nl-NL","@id":"https:\/\/on-the-spot.nl\/schoolaanwezigheid2025\/26-september\/#primaryimage","url":"https:\/\/on-the-spot.nl\/schoolaanwezigheid2025\/wp-content\/uploads\/2025\/10\/banner25sept.jpg","contentUrl":"https:\/\/on-the-spot.nl\/schoolaanwezigheid2025\/wp-content\/uploads\/2025\/10\/banner25sept.jpg","width":1000,"height":500},{"@type":"BreadcrumbList","@id":"https:\/\/on-the-spot.nl\/schoolaanwezigheid2025\/26-september\/#breadcrumb","itemListElement":[{"@type":"ListItem","position":1,"name":"Home","item":"https:\/\/on-the-spot.nl\/schoolaanwezigheid2025\/"},{"@type":"ListItem","position":2,"name":"26 september"}]},{"@type":"WebSite","@id":"https:\/\/on-the-spot.nl\/schoolaanwezigheid2025\/#website","url":"https:\/\/on-the-spot.nl\/schoolaanwezigheid2025\/","name":"Nederlands Congres Schoolaanwezigheid","description":"Ge&iuml;nspireerd aan de slag","potentialAction":[{"@type":"SearchAction","target":{"@type":"EntryPoint","urlTemplate":"https:\/\/on-the-spot.nl\/schoolaanwezigheid2025\/?s={search_term_string}"},"query-input":{"@type":"PropertyValueSpecification","valueRequired":true,"valueName":"search_term_string"}}],"inLanguage":"nl-NL"}]}},"_links":{"self":[{"href":"https:\/\/on-the-spot.nl\/schoolaanwezigheid2025\/wp-json\/wp\/v2\/pages\/174","targetHints":{"allow":["GET"]}}],"collection":[{"href":"https:\/\/on-the-spot.nl\/schoolaanwezigheid2025\/wp-json\/wp\/v2\/pages"}],"about":[{"href":"https:\/\/on-the-spot.nl\/schoolaanwezigheid2025\/wp-json\/wp\/v2\/types\/page"}],"author":[{"embeddable":true,"href":"https:\/\/on-the-spot.nl\/schoolaanwezigheid2025\/wp-json\/wp\/v2\/users\/1"}],"replies":[{"embeddable":true,"href":"https:\/\/on-the-spot.nl\/schoolaanwezigheid2025\/wp-json\/wp\/v2\/comments?post=174"}],"version-history":[{"count":436,"href":"https:\/\/on-the-spot.nl\/schoolaanwezigheid2025\/wp-json\/wp\/v2\/pages\/174\/revisions"}],"predecessor-version":[{"id":4558,"href":"https:\/\/on-the-spot.nl\/schoolaanwezigheid2025\/wp-json\/wp\/v2\/pages\/174\/revisions\/4558"}],"wp:attachment":[{"href":"https:\/\/on-the-spot.nl\/schoolaanwezigheid2025\/wp-json\/wp\/v2\/media?parent=174"}],"curies":[{"name":"wp","href":"https:\/\/api.w.org\/{rel}","templated":true}]}}